{"id":7,"date":"2023-10-22T11:34:42","date_gmt":"2023-10-22T11:34:42","guid":{"rendered":"https:\/\/accefyn.com\/microsites\/capitulos\/caribe\/?page_id=7"},"modified":"2024-12-09T23:03:31","modified_gmt":"2024-12-09T23:03:31","slug":"inicio","status":"publish","type":"page","link":"https:\/\/accefyn.com\/microsites\/capitulos\/caribe\/","title":{"rendered":"inicio"},"content":{"rendered":"\t\t<div data-elementor-type=\"wp-page\" data-elementor-id=\"7\" class=\"elementor elementor-7\" data-elementor-post-type=\"page\">\n\t\t\t\t<div class=\"elementor-element elementor-element-f08f26b e-flex e-con-boxed e-con e-parent\" data-id=\"f08f26b\" data-element_type=\"container\">\n\t\t\t\t\t<div class=\"e-con-inner\">\n\t\t<div class=\"elementor-element elementor-element-4d7bd43 e-flex e-con-boxed e-con e-child\" data-id=\"4d7bd43\" data-element_type=\"container\" data-settings=\"{&quot;background_background&quot;:&quot;slideshow&quot;,&quot;background_slideshow_gallery&quot;:[],&quot;background_slideshow_loop&quot;:&quot;yes&quot;,&quot;background_slideshow_slide_duration&quot;:5000,&quot;background_slideshow_slide_transition&quot;:&quot;fade&quot;,&quot;background_slideshow_transition_duration&quot;:500}\">\n\t\t\t\t\t<div class=\"e-con-inner\">\n\t\t\t\t<div class=\"elementor-element elementor-element-58d1b33 elementor-widget elementor-widget-shortcode\" data-id=\"58d1b33\" data-element_type=\"widget\" data-widget_type=\"shortcode.default\">\n\t\t\t\t<div class=\"elementor-widget-container\">\n\t\t\t\t\t\t\t<div class=\"elementor-shortcode\"><\/div>\n\t\t\t\t\t\t<\/div>\n\t\t\t\t<\/div>\n\t\t\t\t\t<\/div>\n\t\t\t\t<\/div>\n\t\t\t\t\t<\/div>\n\t\t\t\t<\/div>\n\t\t\t\t<section class=\"elementor-section elementor-top-section elementor-element elementor-element-2c624bdd elementor-section-boxed elementor-section-height-default elementor-section-height-default\" data-id=\"2c624bdd\" data-element_type=\"section\">\n\t\t\t\t\t\t<div class=\"elementor-container elementor-column-gap-default\">\n\t\t\t\t\t<div class=\"elementor-column elementor-col-100 elementor-top-column elementor-element elementor-element-2709ec79\" data-id=\"2709ec79\" data-element_type=\"column\">\n\t\t\t<div class=\"elementor-widget-wrap elementor-element-populated\">\n\t\t\t\t\t\t<div class=\"elementor-element elementor-element-f590b02 elementor-widget elementor-widget-spacer\" data-id=\"f590b02\" data-element_type=\"widget\" data-widget_type=\"spacer.default\">\n\t\t\t\t<div class=\"elementor-widget-container\">\n\t\t\t\t\t\t\t<div class=\"elementor-spacer\">\n\t\t\t<div class=\"elementor-spacer-inner\"><\/div>\n\t\t<\/div>\n\t\t\t\t\t\t<\/div>\n\t\t\t\t<\/div>\n\t\t\t\t<div class=\"elementor-element elementor-element-bc7bc21 elementor-widget elementor-widget-heading\" data-id=\"bc7bc21\" data-element_type=\"widget\" data-widget_type=\"heading.default\">\n\t\t\t\t<div class=\"elementor-widget-container\">\n\t\t\t\t\t<h4 class=\"elementor-heading-title elementor-size-default\">Qu\u00e9 hacemos<\/h4>\t\t\t\t<\/div>\n\t\t\t\t<\/div>\n\t\t\t\t<div class=\"elementor-element elementor-element-28db5522 elementor-widget elementor-widget-text-editor\" data-id=\"28db5522\" data-element_type=\"widget\" data-widget_type=\"text-editor.default\">\n\t\t\t\t<div class=\"elementor-widget-container\">\n\t\t\t\t\t\t\t\t\t<p style=\"text-align: start; \">El Cap\u00edtulo de la regi\u00f3n Caribe de la Academia Colombiana de Ciencias Exactas, F\u00edsicas y Naturales fue creado mediante Resoluci\u00f3n 001 del 15 de noviembre de 2000. De manera coordinada con la Junta Directiva Nacional, el Cap\u00edtulo del Caribe ha desarrollado diversas actividades de promoci\u00f3n de la ciencia, la tecnolog\u00eda y la innovaci\u00f3n en Cartagena, Barranquilla y Santa Marta.&nbsp;<\/p>\t\t\t\t\t\t\t\t<\/div>\n\t\t\t\t<\/div>\n\t\t\t\t\t<\/div>\n\t\t<\/div>\n\t\t\t\t\t<\/div>\n\t\t<\/section>\n\t\t<div class=\"elementor-element elementor-element-c65046a e-flex e-con-boxed e-con e-parent\" data-id=\"c65046a\" data-element_type=\"container\">\n\t\t\t\t\t<div class=\"e-con-inner\">\n\t\t\t\t<div class=\"elementor-element elementor-element-bb6918c elementor-widget__width-initial elementor-widget elementor-widget-html\" data-id=\"bb6918c\" data-element_type=\"widget\" data-widget_type=\"html.default\">\n\t\t\t\t<div class=\"elementor-widget-container\">\n\t\t\t\t\t<iframe src=\"https:\/\/www.google.com\/maps\/d\/u\/0\/embed?mid=1X7kcVR_mWA6bVzwnAoRn0bcs7k-JFdE&ehbc=2E312F\" width=\"640\" height=\"480\"><\/iframe>\t\t\t\t<\/div>\n\t\t\t\t<\/div>\n\t\t\t\t\t<\/div>\n\t\t\t\t<\/div>\n\t\t\t\t<\/div>\n\t\t","protected":false},"excerpt":{"rendered":"<p>Qu\u00e9 hacemos El Cap\u00edtulo de la regi\u00f3n Caribe de la Academia Colombiana de Ciencias Exactas, F\u00edsicas y Naturales fue creado mediante Resoluci\u00f3n 001 del 15 de noviembre de 2000. De manera coordinada con la Junta Directiva Nacional, el Cap\u00edtulo del Caribe ha desarrollado diversas actividades de promoci\u00f3n de la ciencia, [&hellip;]<\/p>\n","protected":false},"author":7,"featured_media":0,"parent":0,"menu_order":0,"comment_status":"closed","ping_status":"closed","template":"elementor_canvas","meta":{"footnotes":""},"class_list":["post-7","page","type-page","status-publish","hentry"],"_links":{"self":[{"href":"https:\/\/accefyn.com\/microsites\/capitulos\/caribe\/wp-json\/wp\/v2\/pages\/7","targetHints":{"allow":["GET"]}}],"collection":[{"href":"https:\/\/accefyn.com\/microsites\/capitulos\/caribe\/wp-json\/wp\/v2\/pages"}],"about":[{"href":"https:\/\/accefyn.com\/microsites\/capitulos\/caribe\/wp-json\/wp\/v2\/types\/page"}],"author":[{"embeddable":true,"href":"https:\/\/accefyn.com\/microsites\/capitulos\/caribe\/wp-json\/wp\/v2\/users\/7"}],"replies":[{"embeddable":true,"href":"https:\/\/accefyn.com\/microsites\/capitulos\/caribe\/wp-json\/wp\/v2\/comments?post=7"}],"version-history":[{"count":214,"href":"https:\/\/accefyn.com\/microsites\/capitulos\/caribe\/wp-json\/wp\/v2\/pages\/7\/revisions"}],"predecessor-version":[{"id":1126,"href":"https:\/\/accefyn.com\/microsites\/capitulos\/caribe\/wp-json\/wp\/v2\/pages\/7\/revisions\/1126"}],"wp:attachment":[{"href":"https:\/\/accefyn.com\/microsites\/capitulos\/caribe\/wp-json\/wp\/v2\/media?parent=7"}],"curies":[{"name":"wp","href":"https:\/\/api.w.org\/{rel}","templated":true}]}}