{"id":645,"date":"2024-07-23T23:19:37","date_gmt":"2024-07-23T23:19:37","guid":{"rendered":"https:\/\/accefyn.com\/microsites\/capitulos\/caribe\/?page_id=645"},"modified":"2026-03-09T22:28:28","modified_gmt":"2026-03-09T22:28:28","slug":"miembros-del-capitulo-academia-joven","status":"publish","type":"page","link":"https:\/\/accefyn.com\/microsites\/capitulos\/caribe\/miembros-del-capitulo-academia-joven\/","title":{"rendered":"Miembros del Cap\u00edtulo &#8211; Academia Joven"},"content":{"rendered":"\t\t<div data-elementor-type=\"wp-page\" data-elementor-id=\"645\" class=\"elementor elementor-645\" data-elementor-post-type=\"page\">\n\t\t\t\t<div class=\"elementor-element elementor-element-a7cff33 e-flex e-con-boxed e-con e-parent\" data-id=\"a7cff33\" data-element_type=\"container\">\n\t\t\t\t\t<div class=\"e-con-inner\">\n\t\t\t\t<div class=\"elementor-element elementor-element-a373c35 elementor-widget elementor-widget-heading\" data-id=\"a373c35\" data-element_type=\"widget\" data-widget_type=\"heading.default\">\n\t\t\t\t<div class=\"elementor-widget-container\">\n\t\t\t\t\t<h4 class=\"elementor-heading-title elementor-size-default\">Miembros del Cap\u00edtulo - Academia Joven<\/h4>\t\t\t\t<\/div>\n\t\t\t\t<\/div>\n\t\t\t\t<div class=\"elementor-element elementor-element-46ecc41 elementor-widget__width-initial elementor-widget elementor-widget-text-editor\" data-id=\"46ecc41\" data-element_type=\"widget\" data-widget_type=\"text-editor.default\">\n\t\t\t\t<div class=\"elementor-widget-container\">\n\t\t\t\t\t\t\t\t\t<p style=\"text-align: justify; background: white; margin: 0in 0in 7.5pt 0in;\"><span style=\"color: #323030; font-family: Roboto; font-size: 10.5pt;\">La Academia Joven fue establecida por Resoluci\u00f3n de la Junta Directiva No. 03 de 2019. Como una comisi\u00f3n tem\u00e1tica y de apoyo institucional a la Academia Colombiana de Ciencias Exactas, F\u00edsicas y Naturales. Su sesi\u00f3n inaugural se realiz\u00f3 el 16 de mayo de 2019 con las palabras del Dr. Enrique Forero presidente de la Academia Colombiana de Ciencias de aquel entonces. El Dr. Forero coment\u00f3 los puntos principales que originaron la idea, dando ejemplos que ya existen en varios pa\u00edses como Canad\u00e1, Estados Unidos, Brasil.<\/span><\/p><p style=\"text-align: justify; background: white; margin: 0in 0in 7.5pt 0in;\"><span style=\"color: #323030; font-family: Roboto; font-size: 10.5pt;\">El Cap\u00edtulo Caribe cuenta actualmente con 3 miembros de la Academia Joven que trabajan en diferentes campos como: fitorremediaci\u00f3n de metales pesados, econom\u00eda y materia bajo condiciones extremas de presi\u00f3n y temperatura.\u00a0<\/span><\/p>\t\t\t\t\t\t\t\t<\/div>\n\t\t\t\t<\/div>\n\t\t\t\t<div class=\"elementor-element elementor-element-f211c62 elementor-widget elementor-widget-spacer\" data-id=\"f211c62\" data-element_type=\"widget\" data-widget_type=\"spacer.default\">\n\t\t\t\t<div class=\"elementor-widget-container\">\n\t\t\t\t\t\t\t<div class=\"elementor-spacer\">\n\t\t\t<div class=\"elementor-spacer-inner\"><\/div>\n\t\t<\/div>\n\t\t\t\t\t\t<\/div>\n\t\t\t\t<\/div>\n\t\t\t\t\t<\/div>\n\t\t\t\t<\/div>\n\t\t<div class=\"elementor-element elementor-element-5ce95d7 e-flex e-con-boxed e-con e-parent\" data-id=\"5ce95d7\" data-element_type=\"container\">\n\t\t\t\t\t<div class=\"e-con-inner\">\n\t\t<div class=\"elementor-element elementor-element-17c5b9a e-con-full e-flex e-con e-child\" data-id=\"17c5b9a\" data-element_type=\"container\">\n\t\t\t\t<div class=\"elementor-element elementor-element-ee1d614 elementor-widget__width-initial elementor-widget elementor-widget-image\" data-id=\"ee1d614\" data-element_type=\"widget\" data-widget_type=\"image.default\">\n\t\t\t\t<div class=\"elementor-widget-container\">\n\t\t\t\t\t\t\t\t\t\t\t\t\t\t\t<img decoding=\"async\" width=\"200\" height=\"200\" src=\"https:\/\/accefyn.com\/microsites\/capitulos\/caribe\/wp-content\/uploads\/2024\/07\/Andrea.jpg\" class=\"attachment-medium size-medium wp-image-650\" alt=\"\" srcset=\"https:\/\/accefyn.com\/microsites\/capitulos\/caribe\/wp-content\/uploads\/2024\/07\/Andrea.jpg 200w, https:\/\/accefyn.com\/microsites\/capitulos\/caribe\/wp-content\/uploads\/2024\/07\/Andrea-150x150.jpg 150w\" sizes=\"(max-width: 200px) 100vw, 200px\" \/>\t\t\t\t\t\t\t\t\t\t\t\t\t\t\t<\/div>\n\t\t\t\t<\/div>\n\t\t\t\t<\/div>\n\t\t<div class=\"elementor-element elementor-element-07351df e-con-full e-flex e-con e-child\" data-id=\"07351df\" data-element_type=\"container\">\n\t\t\t\t<div class=\"elementor-element elementor-element-8bcbbac elementor-widget__width-initial elementor-widget elementor-widget-text-editor\" data-id=\"8bcbbac\" data-element_type=\"widget\" data-widget_type=\"text-editor.default\">\n\t\t\t\t<div class=\"elementor-widget-container\">\n\t\t\t\t\t\t\t\t\t<p><span lang=\"ES-CO\" style=\"font-size: 10.5pt; background-color: #fffefe; text-align: justify; font-family: Roboto; color: #323030;\"><b>Andrea Monroy-Licht <\/b><span lang=\"ES-CO\" style=\"font-size: 10.5pt; text-align: var(--text-align); font-family: Roboto; color: #323030;\">es Microbi\u00f3loga Industrial y Magister en Gesti\u00f3n Ambiental de la Pontificia Universidad Javeriana, Doctora en Toxicolog\u00eda Ambiental de la Universidad de Cartagena. Intereses de investigaci\u00f3n en fitorremediaci\u00f3n de metales pesados y mecanismos biol\u00f3gicos para la remediaci\u00f3n de la contaminaci\u00f3n del agua, abarcando contaminantes inorg\u00e1nicos, org\u00e1nicos y metales pesados. Miembro activo de la Red Colombiana de Mujeres Cient\u00edficas y de la Organizaci\u00f3n de Mujeres en la Ciencia para el Mundo en Desarrollo (OWSD).<\/span><\/span><\/p><p><span lang=\"ES-CO\" style=\"font-size: 10.5pt; background-color: #fffefe; text-align: justify; font-family: Roboto; color: #323030;\"><span lang=\"ES-CO\" style=\"font-size: 10.5pt; text-align: var(--text-align); font-family: Roboto; color: #323030;\"><span style=\"font-weight: bold; text-align: start;\"> ORCID <a href=\"https:\/\/orcid.org\/0000-0002-1188-6324\"><span style=\"color: #008000;\">https:\/\/orcid.org\/0000-0002-1188-6324<\/span><\/a><br \/>ResearchGate: <a href=\"https:\/\/www.researchgate.net\/profile\/Andrea-Monroy-Licht\"><span style=\"color: #008000;\">https:\/\/www.researchgate.net\/profile\/Andrea-Monroy-Licht<\/span><\/a><br \/>Google scholar: <a href=\"https:\/\/scholar.google.com\/citations?user=zRyhUBsAAAAJ&amp;hl=es\"><span style=\"color: #008000;\">https:\/\/scholar.google.com\/citations?user=zRyhUBsAAAAJ&amp;hl=es<\/span><\/a><br \/>CvLac: <a href=\"https:\/\/scienti.minciencias.gov.co\/cvlac\/visualizador\/generarCurriculoCv.do?cod_rh=0001542939\"><span style=\"color: #008000;\">https:\/\/scienti.minciencias.gov.co\/cvlac\/visualizador\/generarCurriculoCv.do?cod_rh=0001542939<\/span><\/a><\/span><\/span><\/span><span lang=\"ES-CO\" style=\"font-size: 10.5pt; background-color: #fffefe; text-align: justify; font-family: Roboto; color: #323030;\"><span lang=\"ES-CO\" style=\"font-size: 10.5pt; text-align: var(--text-align); font-family: Roboto; color: #323030;\"><\/span><\/span><\/p>\t\t\t\t\t\t\t\t<\/div>\n\t\t\t\t<\/div>\n\t\t\t\t<\/div>\n\t\t\t\t\t<\/div>\n\t\t\t\t<\/div>\n\t\t<div class=\"elementor-element elementor-element-8c1e5af e-flex e-con-boxed e-con e-parent\" data-id=\"8c1e5af\" data-element_type=\"container\">\n\t\t\t\t\t<div class=\"e-con-inner\">\n\t\t\t\t<div class=\"elementor-element elementor-element-5d89839 elementor-widget__width-initial elementor-widget elementor-widget-image\" data-id=\"5d89839\" data-element_type=\"widget\" data-widget_type=\"image.default\">\n\t\t\t\t<div class=\"elementor-widget-container\">\n\t\t\t\t\t\t\t\t\t\t\t\t\t\t\t<img fetchpriority=\"high\" decoding=\"async\" width=\"300\" height=\"300\" src=\"https:\/\/accefyn.com\/microsites\/capitulos\/caribe\/wp-content\/uploads\/2026\/02\/Jagger-Rivera-Julio-300x300.png\" class=\"attachment-medium size-medium wp-image-1316\" alt=\"\" srcset=\"https:\/\/accefyn.com\/microsites\/capitulos\/caribe\/wp-content\/uploads\/2026\/02\/Jagger-Rivera-Julio-300x300.png 300w, https:\/\/accefyn.com\/microsites\/capitulos\/caribe\/wp-content\/uploads\/2026\/02\/Jagger-Rivera-Julio-150x150.png 150w, https:\/\/accefyn.com\/microsites\/capitulos\/caribe\/wp-content\/uploads\/2026\/02\/Jagger-Rivera-Julio.png 600w\" sizes=\"(max-width: 300px) 100vw, 300px\" \/>\t\t\t\t\t\t\t\t\t\t\t\t\t\t\t<\/div>\n\t\t\t\t<\/div>\n\t\t\t\t<div class=\"elementor-element elementor-element-b2146b9 elementor-widget elementor-widget-text-editor\" data-id=\"b2146b9\" data-element_type=\"widget\" data-widget_type=\"text-editor.default\">\n\t\t\t\t<div class=\"elementor-widget-container\">\n\t\t\t\t\t\t\t\t\t<p><b>Jagger Rivera Julio<\/b> es Ph.D. y Profesor de Tiempo Completo-Investigador en la Universidad de la Costa (CUC), en Barranquilla, regi\u00f3n Caribe. Sus \u00e1reas de investigaci\u00f3n se centran en la f\u00edsica de la materia condensada y la ciencia de materiales computacional, abordando el estudio te\u00f3rico y num\u00e9rico de las propiedades estructurales, electr\u00f3nicas y magn\u00e9ticas de materiales avanzados, as\u00ed como la modelaci\u00f3n y simulaci\u00f3n de sistemas f\u00edsicos para el desarrollo de nuevas aplicaciones tecnol\u00f3gicas.<\/p>\t\t\t\t\t\t\t\t<\/div>\n\t\t\t\t<\/div>\n\t\t\t\t\t<\/div>\n\t\t\t\t<\/div>\n\t\t<div class=\"elementor-element elementor-element-85f911f e-flex e-con-boxed e-con e-parent\" data-id=\"85f911f\" data-element_type=\"container\">\n\t\t\t\t\t<div class=\"e-con-inner\">\n\t\t<div class=\"elementor-element elementor-element-f60a521 e-con-full e-flex e-con e-child\" data-id=\"f60a521\" data-element_type=\"container\">\n\t\t\t\t<div class=\"elementor-element elementor-element-b959fc9 elementor-widget__width-initial elementor-widget elementor-widget-image\" data-id=\"b959fc9\" data-element_type=\"widget\" data-widget_type=\"image.default\">\n\t\t\t\t<div class=\"elementor-widget-container\">\n\t\t\t\t\t\t\t\t\t\t\t\t\t\t\t<img decoding=\"async\" width=\"300\" height=\"300\" src=\"https:\/\/accefyn.com\/microsites\/capitulos\/caribe\/wp-content\/uploads\/2026\/02\/Carlos-Andres-Daza-Guerra-M.Sc_-300x300.webp\" class=\"attachment-medium size-medium wp-image-1317\" alt=\"\" srcset=\"https:\/\/accefyn.com\/microsites\/capitulos\/caribe\/wp-content\/uploads\/2026\/02\/Carlos-Andres-Daza-Guerra-M.Sc_-300x300.webp 300w, https:\/\/accefyn.com\/microsites\/capitulos\/caribe\/wp-content\/uploads\/2026\/02\/Carlos-Andres-Daza-Guerra-M.Sc_-150x150.webp 150w, https:\/\/accefyn.com\/microsites\/capitulos\/caribe\/wp-content\/uploads\/2026\/02\/Carlos-Andres-Daza-Guerra-M.Sc_.webp 600w\" sizes=\"(max-width: 300px) 100vw, 300px\" \/>\t\t\t\t\t\t\t\t\t\t\t\t\t\t\t<\/div>\n\t\t\t\t<\/div>\n\t\t\t\t<\/div>\n\t\t<div class=\"elementor-element elementor-element-e926b96 e-con-full e-flex e-con e-child\" data-id=\"e926b96\" data-element_type=\"container\">\n\t\t\t\t<div class=\"elementor-element elementor-element-1eac6e5 elementor-widget elementor-widget-text-editor\" data-id=\"1eac6e5\" data-element_type=\"widget\" data-widget_type=\"text-editor.default\">\n\t\t\t\t<div class=\"elementor-widget-container\">\n\t\t\t\t\t\t\t\t\t<p><b>Carlos Andr\u00e9s Daza Guerra<\/b> es M.Sc. y estudiante de Doctorado en Ciencias Naturales \u2013 Biolog\u00eda Marina en la Universidad Nacional de Colombia, Sede Santa Marta, en la regi\u00f3n Caribe. Sus intereses de investigaci\u00f3n se centran en la biolog\u00eda marina y el estudio de contaminantes marinos, abordando la evaluaci\u00f3n de impactos ambientales en ecosistemas costeros, la din\u00e1mica de contaminantes en ambientes marinos y su efecto sobre organismos y comunidades acu\u00e1ticas.<\/p>\t\t\t\t\t\t\t\t<\/div>\n\t\t\t\t<\/div>\n\t\t\t\t<\/div>\n\t\t\t\t\t<\/div>\n\t\t\t\t<\/div>\n\t\t<div class=\"elementor-element elementor-element-136f09e e-flex e-con-boxed e-con e-parent\" data-id=\"136f09e\" data-element_type=\"container\">\n\t\t\t\t\t<div class=\"e-con-inner\">\n\t\t<div class=\"elementor-element elementor-element-f8c5395 e-con-full e-flex e-con e-child\" data-id=\"f8c5395\" data-element_type=\"container\">\n\t\t\t\t<div class=\"elementor-element elementor-element-04db840 elementor-widget elementor-widget-image\" data-id=\"04db840\" data-element_type=\"widget\" data-widget_type=\"image.default\">\n\t\t\t\t<div class=\"elementor-widget-container\">\n\t\t\t\t\t\t\t\t\t\t\t\t\t\t\t<img loading=\"lazy\" decoding=\"async\" width=\"300\" height=\"300\" src=\"https:\/\/accefyn.com\/microsites\/capitulos\/caribe\/wp-content\/uploads\/2026\/02\/Jeimmy-Paola-Rico-Guerra-M.Sc_-300x300.webp\" class=\"attachment-medium size-medium wp-image-1318\" alt=\"\" srcset=\"https:\/\/accefyn.com\/microsites\/capitulos\/caribe\/wp-content\/uploads\/2026\/02\/Jeimmy-Paola-Rico-Guerra-M.Sc_-300x300.webp 300w, https:\/\/accefyn.com\/microsites\/capitulos\/caribe\/wp-content\/uploads\/2026\/02\/Jeimmy-Paola-Rico-Guerra-M.Sc_-150x150.webp 150w, https:\/\/accefyn.com\/microsites\/capitulos\/caribe\/wp-content\/uploads\/2026\/02\/Jeimmy-Paola-Rico-Guerra-M.Sc_.webp 600w\" sizes=\"(max-width: 300px) 100vw, 300px\" \/>\t\t\t\t\t\t\t\t\t\t\t\t\t\t\t<\/div>\n\t\t\t\t<\/div>\n\t\t\t\t<\/div>\n\t\t<div class=\"elementor-element elementor-element-419cb54 e-con-full e-flex e-con e-child\" data-id=\"419cb54\" data-element_type=\"container\">\n\t\t\t\t<div class=\"elementor-element elementor-element-b98b1c3 elementor-widget elementor-widget-text-editor\" data-id=\"b98b1c3\" data-element_type=\"widget\" data-widget_type=\"text-editor.default\">\n\t\t\t\t<div class=\"elementor-widget-container\">\n\t\t\t\t\t\t\t\t\t<div>\n<div data-message-author-role=\"assistant\" data-message-id=\"b402b2e6-af0f-4f9f-832a-132f8ec5ab68\" dir=\"auto\" data-message-model-slug=\"gpt-5-2\">\n<div>\n<div>\n<p data-start=\"0\" data-end=\"507\" data-is-last-node=\"\" data-is-only-node=\"\"><b>Jeimmy Paola Rico Mora<\/b><span style=\"font-size: inherit;\">&nbsp;es M.Sc. y estudiante de Doctorado en Ciencias Naturales \u2013 Biolog\u00eda Marina en la Universidad Nacional de Colombia, Sede Caribe. Sus intereses de investigaci\u00f3n se enfocan en la biolog\u00eda marina y el estudio de contaminantes marinos, abordando el an\u00e1lisis de la calidad ambiental en ecosistemas costeros, la din\u00e1mica y acumulaci\u00f3n de contaminantes en organismos marinos, y sus efectos ecol\u00f3gicos sobre la biodiversidad y la salud de los ecosistemas acu\u00e1ticos.<\/span><\/p>\n<\/div>\n<\/div>\n<\/div>\n<\/div>\n<div><\/div>\n<div>\n<div>\n<div>\n<div>\n<div><\/div>\n<\/div>\n<\/div>\n<\/div>\n<\/div>\t\t\t\t\t\t\t\t<\/div>\n\t\t\t\t<\/div>\n\t\t\t\t<\/div>\n\t\t\t\t\t<\/div>\n\t\t\t\t<\/div>\n\t\t<div class=\"elementor-element elementor-element-308634d e-flex e-con-boxed e-con e-parent\" data-id=\"308634d\" data-element_type=\"container\">\n\t\t\t\t\t<div class=\"e-con-inner\">\n\t\t<div class=\"elementor-element elementor-element-4f37c41 e-con-full e-flex e-con e-child\" data-id=\"4f37c41\" data-element_type=\"container\">\n\t\t\t\t<div class=\"elementor-element elementor-element-30ff3a7 elementor-widget elementor-widget-image\" data-id=\"30ff3a7\" data-element_type=\"widget\" data-widget_type=\"image.default\">\n\t\t\t\t<div class=\"elementor-widget-container\">\n\t\t\t\t\t\t\t\t\t\t\t\t\t\t\t<img loading=\"lazy\" decoding=\"async\" width=\"300\" height=\"300\" src=\"https:\/\/accefyn.com\/microsites\/capitulos\/caribe\/wp-content\/uploads\/2026\/02\/Oscar-Andres-Alvarez-Silva-M.Sc_.-Ph.D-300x300.webp\" class=\"attachment-medium size-medium wp-image-1319\" alt=\"\" srcset=\"https:\/\/accefyn.com\/microsites\/capitulos\/caribe\/wp-content\/uploads\/2026\/02\/Oscar-Andres-Alvarez-Silva-M.Sc_.-Ph.D-300x300.webp 300w, https:\/\/accefyn.com\/microsites\/capitulos\/caribe\/wp-content\/uploads\/2026\/02\/Oscar-Andres-Alvarez-Silva-M.Sc_.-Ph.D-150x150.webp 150w, https:\/\/accefyn.com\/microsites\/capitulos\/caribe\/wp-content\/uploads\/2026\/02\/Oscar-Andres-Alvarez-Silva-M.Sc_.-Ph.D.webp 600w\" sizes=\"(max-width: 300px) 100vw, 300px\" \/>\t\t\t\t\t\t\t\t\t\t\t\t\t\t\t<\/div>\n\t\t\t\t<\/div>\n\t\t\t\t<\/div>\n\t\t<div class=\"elementor-element elementor-element-49c8502 e-con-full e-flex e-con e-child\" data-id=\"49c8502\" data-element_type=\"container\">\n\t\t\t\t<div class=\"elementor-element elementor-element-d81861a elementor-widget elementor-widget-text-editor\" data-id=\"d81861a\" data-element_type=\"widget\" data-widget_type=\"text-editor.default\">\n\t\t\t\t<div class=\"elementor-widget-container\">\n\t\t\t\t\t\t\t\t\t<p><b>Oscar Andres Alvarez Silva<\/b>, M.Sc., Ph.D., es Profesor Asociado en la Universidad del Norte, en Barranquilla, regi\u00f3n Caribe. Sus \u00e1reas de investigaci\u00f3n se centran en la oceanograf\u00eda y las geociencias, abordando el estudio de los procesos f\u00edsicos y din\u00e1micos del oc\u00e9ano, la interacci\u00f3n oc\u00e9ano-atm\u00f3sfera, la din\u00e1mica costera y el an\u00e1lisis de sistemas marinos desde una perspectiva interdisciplinaria orientada a la comprensi\u00f3n y gesti\u00f3n de ambientes marinos y costeros.<\/p>\t\t\t\t\t\t\t\t<\/div>\n\t\t\t\t<\/div>\n\t\t\t\t<\/div>\n\t\t\t\t\t<\/div>\n\t\t\t\t<\/div>\n\t\t\t\t<\/div>\n\t\t","protected":false},"excerpt":{"rendered":"<p>Miembros del Cap\u00edtulo &#8211; Academia Joven La Academia Joven fue establecida por Resoluci\u00f3n de la Junta Directiva No. 03 de 2019. Como una comisi\u00f3n tem\u00e1tica y de apoyo institucional a la Academia Colombiana de Ciencias Exactas, F\u00edsicas y Naturales. Su sesi\u00f3n inaugural se realiz\u00f3 el 16 de mayo de 2019 [&hellip;]<\/p>\n","protected":false},"author":7,"featured_media":0,"parent":0,"menu_order":0,"comment_status":"closed","ping_status":"closed","template":"page-templates\/template-pagebuilder-full-width.php","meta":{"footnotes":""},"class_list":["post-645","page","type-page","status-publish","hentry"],"_links":{"self":[{"href":"https:\/\/accefyn.com\/microsites\/capitulos\/caribe\/wp-json\/wp\/v2\/pages\/645","targetHints":{"allow":["GET"]}}],"collection":[{"href":"https:\/\/accefyn.com\/microsites\/capitulos\/caribe\/wp-json\/wp\/v2\/pages"}],"about":[{"href":"https:\/\/accefyn.com\/microsites\/capitulos\/caribe\/wp-json\/wp\/v2\/types\/page"}],"author":[{"embeddable":true,"href":"https:\/\/accefyn.com\/microsites\/capitulos\/caribe\/wp-json\/wp\/v2\/users\/7"}],"replies":[{"embeddable":true,"href":"https:\/\/accefyn.com\/microsites\/capitulos\/caribe\/wp-json\/wp\/v2\/comments?post=645"}],"version-history":[{"count":22,"href":"https:\/\/accefyn.com\/microsites\/capitulos\/caribe\/wp-json\/wp\/v2\/pages\/645\/revisions"}],"predecessor-version":[{"id":1326,"href":"https:\/\/accefyn.com\/microsites\/capitulos\/caribe\/wp-json\/wp\/v2\/pages\/645\/revisions\/1326"}],"wp:attachment":[{"href":"https:\/\/accefyn.com\/microsites\/capitulos\/caribe\/wp-json\/wp\/v2\/media?parent=645"}],"curies":[{"name":"wp","href":"https:\/\/api.w.org\/{rel}","templated":true}]}}