{"id":131,"date":"2023-12-05T12:59:01","date_gmt":"2023-12-05T12:59:01","guid":{"rendered":"https:\/\/accefyn.com\/microsites\/capitulos\/caribe\/?page_id=131"},"modified":"2026-02-19T22:12:31","modified_gmt":"2026-02-19T22:12:31","slug":"miembros-del-capitulo","status":"publish","type":"page","link":"https:\/\/accefyn.com\/microsites\/capitulos\/caribe\/miembros-del-capitulo\/","title":{"rendered":"Miembros del Cap\u00edtulo"},"content":{"rendered":"\t\t<div data-elementor-type=\"wp-page\" data-elementor-id=\"131\" class=\"elementor elementor-131\" data-elementor-post-type=\"page\">\n\t\t\t\t\t\t<section class=\"elementor-section elementor-top-section elementor-element elementor-element-1b3fea68 elementor-section-boxed elementor-section-height-default elementor-section-height-default\" data-id=\"1b3fea68\" data-element_type=\"section\">\n\t\t\t\t\t\t<div class=\"elementor-container elementor-column-gap-default\">\n\t\t\t\t\t<div class=\"elementor-column elementor-col-100 elementor-top-column elementor-element elementor-element-6084cf6f\" data-id=\"6084cf6f\" data-element_type=\"column\">\n\t\t\t<div class=\"elementor-widget-wrap elementor-element-populated\">\n\t\t\t\t\t\t<div class=\"elementor-element elementor-element-780cf3ff elementor-widget elementor-widget-heading\" data-id=\"780cf3ff\" data-element_type=\"widget\" data-widget_type=\"heading.default\">\n\t\t\t\t<div class=\"elementor-widget-container\">\n\t\t\t\t\t<h4 class=\"elementor-heading-title elementor-size-default\">Miembros del Cap\u00edtulo<\/h4>\t\t\t\t<\/div>\n\t\t\t\t<\/div>\n\t\t\t\t\t<\/div>\n\t\t<\/div>\n\t\t\t\t\t<\/div>\n\t\t<\/section>\n\t\t<div class=\"elementor-element elementor-element-bee9e27 e-flex e-con-boxed e-con e-parent\" data-id=\"bee9e27\" data-element_type=\"container\">\n\t\t\t\t\t<div class=\"e-con-inner\">\n\t\t\t\t<div class=\"elementor-element elementor-element-931c062 elementor-widget__width-initial elementor-widget elementor-widget-text-editor\" data-id=\"931c062\" data-element_type=\"widget\" data-widget_type=\"text-editor.default\">\n\t\t\t\t<div class=\"elementor-widget-container\">\n\t\t\t\t\t\t\t\t\t<p style=\"text-align: justify; background: white; margin: 0in 0in 7.5pt 0in;\"><span lang=\"ES-CO\" style=\"font-size: 10.5pt; font-family: Roboto; color: #323030; mso-ansi-language: ES-CO;\">El Cap\u00edtulo cuenta actualmente con 4 miembros de\u00a0<\/span><span lang=\"ES-CO\" style=\"font-size: 10.5pt; font-family: Roboto; color: #323030; mso-ansi-language: ES-CO;\"><span style=\"color: #323030; font-family: Roboto;\"><span style=\"font-size: 14px;\">n\u00famero<\/span><span style=\"font-size: 10.5pt;\"> y 11 miembros correspondientes que trabajan activamente en diferentes campos de la investigaci\u00f3n cient\u00edfica como la toxicolog\u00eda, la biomedicina, la Oceanograf\u00eda, la ecolog\u00eda, las matem\u00e1ticas, la biolog\u00eda marina, la f\u00edsica, la \u00f3ptica y la qu\u00edmica. Tambi\u00e9n cuenta con dos miembros institucionales: la Universidad del Magdalena y la Universidad Sim\u00f3n Bol\u00edvar. A continuaci\u00f3n, se describe un breve perfil de cada acad\u00e9mico.<o:p><\/o:p><\/span><\/span><\/span><\/p>\t\t\t\t\t\t\t\t<\/div>\n\t\t\t\t<\/div>\n\t\t\t\t\t<\/div>\n\t\t\t\t<\/div>\n\t\t<div class=\"elementor-element elementor-element-137e714b e-flex e-con-boxed e-con e-parent\" data-id=\"137e714b\" data-element_type=\"container\">\n\t\t\t\t\t<div class=\"e-con-inner\">\n\t\t<div class=\"elementor-element elementor-element-38e5f8b9 e-con-full e-flex e-con e-child\" data-id=\"38e5f8b9\" data-element_type=\"container\">\n\t\t\t\t<div class=\"elementor-element elementor-element-4da35cbc elementor-widget__width-initial elementor-widget elementor-widget-image\" data-id=\"4da35cbc\" data-element_type=\"widget\" data-widget_type=\"image.default\">\n\t\t\t\t<div class=\"elementor-widget-container\">\n\t\t\t\t\t\t\t\t\t\t\t\t\t\t\t<img decoding=\"async\" width=\"150\" height=\"144\" src=\"https:\/\/accefyn.com\/microsites\/capitulos\/caribe\/wp-content\/uploads\/2023\/12\/Carlos-Andrade-Amaya-150x144.jpg\" class=\"attachment-thumbnail size-thumbnail wp-image-286\" alt=\"\" \/>\t\t\t\t\t\t\t\t\t\t\t\t\t\t\t<\/div>\n\t\t\t\t<\/div>\n\t\t\t\t<\/div>\n\t\t<div class=\"elementor-element elementor-element-642caba8 e-con-full e-flex e-con e-child\" data-id=\"642caba8\" data-element_type=\"container\">\n\t\t\t\t<div class=\"elementor-element elementor-element-3e3a1484 elementor-widget elementor-widget-text-editor\" data-id=\"3e3a1484\" data-element_type=\"widget\" data-widget_type=\"text-editor.default\">\n\t\t\t\t<div class=\"elementor-widget-container\">\n\t\t\t\t\t\t\t\t\t<pre style=\"margin: 0in 0in 7.5pt; font-size: 14px; background-image: initial; background-position: initial; background-size: initial; background-repeat: initial; background-attachment: initial; background-origin: initial; background-clip: initial;\"><span style=\"font-weight: bold;\"><span lang=\"ES-CO\" style=\"font-size: 14pt; font-family: Roboto; color: #323030;\">Director del Cap\u00edtulo Caribe<o:p><\/o:p><\/span><\/span><\/pre>\n<p style=\"margin: 0in; font-size: 14px; background-image: initial; background-position: initial; background-size: initial; background-repeat: initial; background-attachment: initial; background-origin: initial; background-clip: initial;\"><span style=\"color: black;\">&nbsp;<a href=\"https:\/\/www.redcolombianamujerescientificas.org\/profile\/angelamguzmanh\/RCMC\" style=\"transition-property: all;\"><span style=\"font-weight: bold;\"><span lang=\"ES-CO\" style=\"font-size: 10.5pt; font-family: Roboto;\">Carlos Alberto Andrade Amaya<\/span><\/span><\/a><\/span><span style=\"font-weight: bold;\"><span lang=\"ES-CO\" style=\"font-size: 10.5pt; font-family: Roboto; color: #323030;\"><o:p><\/o:p><\/span><\/span><\/p>\n<h1 style=\"margin: 0in; color: #7a7a7a; background-image: initial; background-position: initial; background-size: initial; background-repeat: initial; background-attachment: initial; background-origin: initial; background-clip: initial;\"><span style=\"font-weight: bold;\"><span lang=\"ES-CO\" style=\"font-size: 10.5pt; font-family: Roboto; color: #323030;\">&nbsp;Miembro de n\u00famero de la Academia<\/span><\/span><\/h1>\n<p style=\"margin: 0in; background-image: initial; background-position: initial; background-size: initial; background-repeat: initial; background-attachment: initial; background-origin: initial; background-clip: initial;\"><span style=\"font-size: 14px; font-weight: bold;\"><span style=\"font-size: 10.5pt; font-family: Roboto; color: #323030;\">&nbsp;Email:&nbsp;<\/span><\/span><font color=\"#00821e\" face=\"Roboto\"><b>candrade@exocol.com<\/b><\/font><\/p>\n<p style=\"font-size: 14px;\"><span style=\"font-weight: bold; font-size: inherit; color: var( --e-global-color-text ); font-family: var( --e-global-typography-text-font-family ), Sans-serif; text-align: var(--text-align);\"><span style=\"font-size: 10.5pt; font-family: Roboto; color: #323030;\">&nbsp;<\/span><\/span><a href=\"https:\/\/www.researchgate.net\/profile\/Carlos-Andrade-19\" style=\"background-color: rgb(255, 254, 254); font-family: Roboto; font-weight: 700;\"><span style=\"color: rgb(0, 128, 0);\">https:\/\/www.researchgate.net\/profile\/Carlos-Andrade-19<\/span><\/a><\/p>\t\t\t\t\t\t\t\t<\/div>\n\t\t\t\t<\/div>\n\t\t\t\t<\/div>\n\t\t<div class=\"elementor-element elementor-element-3d4f6e37 e-con-full e-flex e-con e-child\" data-id=\"3d4f6e37\" data-element_type=\"container\">\n\t\t\t\t<div class=\"elementor-element elementor-element-7106dd12 elementor-widget elementor-widget-text-editor\" data-id=\"7106dd12\" data-element_type=\"widget\" data-widget_type=\"text-editor.default\">\n\t\t\t\t<div class=\"elementor-widget-container\">\n\t\t\t\t\t\t\t\t\t<p style=\"margin: 0in 0in 7.5pt; font-size: 14px; background-image: initial; background-position: initial; background-size: initial; background-repeat: initial; background-attachment: initial; background-origin: initial; background-clip: initial;\"><span lang=\"ES-CO\" style=\"font-size: 10.5pt; text-align: justify; font-family: Roboto; color: rgb(50, 48, 48);\">Ocean\u00f3grafo F\u00edsico de la Escuela Naval Almirante Padilla (1987), magister en Oceanograf\u00eda y en Meteorolog\u00eda de la Escuela Naval de Postgrados de la Marina de los Estados Unidos (NPGS), Monterey, California (1991) y Doctor en Filosof\u00eda (Ph. D.) de la Universidad de Gales, en el Reino Unido (2000). Capit\u00e1n de Nav\u00edo (en la Reserva Activa desde 2001).<\/span><\/p><p style=\"margin: 0in 0in 7.5pt; font-size: 14px; background-image: initial; background-position: initial; background-size: initial; background-repeat: initial; background-attachment: initial; background-origin: initial; background-clip: initial;\"><span lang=\"ES-CO\" style=\"font-size: 10.5pt; font-family: Roboto; color: rgb(50, 48, 48);\"><span style=\"font-size: 10.5pt; background-color: white; text-align: justify;\">Con base en Cartagena de Indias, desarrolla proyectos de investigaci\u00f3n cient\u00edfica marina en el campo de la Oceanograf\u00eda din\u00e1mica, geomorfolog\u00eda marina y sobre cambio clim\u00e1tico relacionados con la implicaci\u00f3n del calentamiento global en la variaci\u00f3n del nivel medio del mar y su impacto en las zonas urbanas donde tiene relaci\u00f3n con proyectos de estabilizaci\u00f3n y regeneraci\u00f3n de playas, apoyando y asesorando al Gobierno nacional en la gesti\u00f3n y organizaci\u00f3n de la zona costera. Autor de m\u00e1s de cien art\u00edculos cient\u00edficos en revistas indexadas, as\u00ed como del Atlas de Datos Oceanogr\u00e1ficos de Colombia, colaborador en los comunicados de naci\u00f3n sobre cambio clim\u00e1tico y varios cap\u00edtulos de libros. Profesor de Oceanograf\u00eda y Meteorolog\u00eda por m\u00e1s de 30 a\u00f1os. Dirige el componente oceanogr\u00e1fico del grupo de registro del patrimonio hist\u00f3rico sumergido de la naci\u00f3n. Con su vinculaci\u00f3n como profesor investigador de la Escuela Naval, el Cap\u00edtulo del Caribe de la Academia ofrece la oportunidad de generar los espacios para la utilizaci\u00f3n del Servicio de Buques Oceanogr\u00e1ficos en proyectos que requieran las plataformas para la investigaci\u00f3n cient\u00edfica mar afuera. As\u00ed mismo, es el representante del Cap\u00edtulo del Caribe en el Comit\u00e9 de Estudios Ant\u00e1rticos de Colombia.<\/span><\/span><\/p>\t\t\t\t\t\t\t\t<\/div>\n\t\t\t\t<\/div>\n\t\t\t\t<\/div>\n\t\t\t\t\t<\/div>\n\t\t\t\t<\/div>\n\t\t\t\t<section class=\"elementor-section elementor-top-section elementor-element elementor-element-799e160e elementor-section-boxed elementor-section-height-default elementor-section-height-default\" data-id=\"799e160e\" data-element_type=\"section\">\n\t\t\t\t\t\t<div class=\"elementor-container elementor-column-gap-default\">\n\t\t\t\t\t<div class=\"elementor-column elementor-col-100 elementor-top-column elementor-element elementor-element-68e0804\" data-id=\"68e0804\" data-element_type=\"column\">\n\t\t\t<div class=\"elementor-widget-wrap elementor-element-populated\">\n\t\t\t\t\t\t<div class=\"elementor-element elementor-element-27dc4410 elementor-widget elementor-widget-spacer\" data-id=\"27dc4410\" data-element_type=\"widget\" data-widget_type=\"spacer.default\">\n\t\t\t\t<div class=\"elementor-widget-container\">\n\t\t\t\t\t\t\t<div class=\"elementor-spacer\">\n\t\t\t<div class=\"elementor-spacer-inner\"><\/div>\n\t\t<\/div>\n\t\t\t\t\t\t<\/div>\n\t\t\t\t<\/div>\n\t\t\t\t\t<\/div>\n\t\t<\/div>\n\t\t\t\t\t<\/div>\n\t\t<\/section>\n\t\t<div class=\"elementor-element elementor-element-2629024e e-flex e-con-boxed e-con e-parent\" data-id=\"2629024e\" data-element_type=\"container\">\n\t\t\t\t\t<div class=\"e-con-inner\">\n\t\t<div class=\"elementor-element elementor-element-49d06b9d e-con-full e-flex e-con e-child\" data-id=\"49d06b9d\" data-element_type=\"container\">\n\t\t\t\t<div class=\"elementor-element elementor-element-6327abf6 elementor-widget__width-initial elementor-widget elementor-widget-image\" data-id=\"6327abf6\" data-element_type=\"widget\" data-widget_type=\"image.default\">\n\t\t\t\t<div class=\"elementor-widget-container\">\n\t\t\t\t\t\t\t\t\t\t\t\t\t\t\t<img decoding=\"async\" width=\"150\" height=\"150\" src=\"https:\/\/accefyn.com\/microsites\/capitulos\/caribe\/wp-content\/uploads\/2023\/12\/Nestor-Campos-150x150.jpg\" class=\"attachment-thumbnail size-thumbnail wp-image-114\" alt=\"\" srcset=\"https:\/\/accefyn.com\/microsites\/capitulos\/caribe\/wp-content\/uploads\/2023\/12\/Nestor-Campos-150x150.jpg 150w, https:\/\/accefyn.com\/microsites\/capitulos\/caribe\/wp-content\/uploads\/2023\/12\/Nestor-Campos-300x300.jpg 300w, https:\/\/accefyn.com\/microsites\/capitulos\/caribe\/wp-content\/uploads\/2023\/12\/Nestor-Campos.jpg 323w\" sizes=\"(max-width: 150px) 100vw, 150px\" \/>\t\t\t\t\t\t\t\t\t\t\t\t\t\t\t<\/div>\n\t\t\t\t<\/div>\n\t\t\t\t<\/div>\n\t\t<div class=\"elementor-element elementor-element-207048df e-con-full e-flex e-con e-child\" data-id=\"207048df\" data-element_type=\"container\">\n\t\t\t\t<div class=\"elementor-element elementor-element-27736fbd elementor-widget elementor-widget-text-editor\" data-id=\"27736fbd\" data-element_type=\"widget\" data-widget_type=\"text-editor.default\">\n\t\t\t\t<div class=\"elementor-widget-container\">\n\t\t\t\t\t\t\t\t\t<pre style=\"margin: 0in; background-image: initial; background-position: initial; background-size: initial; background-repeat: initial; background-attachment: initial; background-origin: initial; background-clip: initial;\"><b><span lang=\"ES-CO\" style=\"font-size: 14.0pt; font-family: Roboto; color: #323030; mso-ansi-language: ES-CO;\">Secretario del Cap\u00edtulo Caribe<\/span><\/b><\/pre><p style=\"margin: 0in; background-image: initial; background-position: initial; background-size: initial; background-repeat: initial; background-attachment: initial; background-origin: initial; background-clip: initial;\"><b><span lang=\"ES-CO\" style=\"font-size: 14.0pt; font-family: Roboto; color: #323030; mso-ansi-language: ES-CO;\">\u00a0<\/span><\/b><b style=\"font-size: inherit; color: var( --e-global-color-text ); font-family: var( --e-global-typography-text-font-family ), Sans-serif; text-align: var(--text-align);\"><span lang=\"ES-CO\" style=\"font-size: 10.5pt; font-family: Roboto; color: #323030; mso-ansi-language: ES-CO;\">N\u00e9stor Hernando Campos<\/span><\/b><\/p><p style=\"margin: 0in; background-image: initial; background-position: initial; background-size: initial; background-repeat: initial; background-attachment: initial; background-origin: initial; background-clip: initial;\"><b><span lang=\"ES-CO\" style=\"font-size: 10.5pt; font-family: Roboto; color: #323030; mso-ansi-language: ES-CO;\">\u00a0Miembro correspondiente de la Academia<\/span><\/b><span lang=\"ES-CO\" style=\"font-size: 10.5pt; font-family: Roboto; color: #323030; mso-ansi-language: ES-CO;\">.<\/span><\/p><p style=\"margin: 0in; background-image: initial; background-position: initial; background-size: initial; background-repeat: initial; background-attachment: initial; background-origin: initial; background-clip: initial;\"><b style=\"font-size: inherit; color: var( --e-global-color-text ); font-family: var( --e-global-typography-text-font-family ), Sans-serif; text-align: var(--text-align);\"><span style=\"font-size: 10.5pt; font-family: Roboto; color: #323030;\">\u00a0Email: <\/span><\/b><b style=\"font-size: inherit; color: var( --e-global-color-text ); font-family: var( --e-global-typography-text-font-family ), Sans-serif; text-align: var(--text-align);\"><span style=\"font-size: 10.5pt; font-family: Roboto; color: #323030; mso-no-proof: yes;\"><img decoding=\"async\" width=\"1\" height=\"1\" src=\"file:\/\/\/C:\/Users\/amguz\/AppData\/Local\/Temp\/msohtmlclip1\/01\/clip_image003.gif\" v:shapes=\"Picture_x0020_1\" \/><\/span><\/b><b style=\"font-size: inherit; color: var( --e-global-color-text ); font-family: var( --e-global-typography-text-font-family ), Sans-serif; text-align: var(--text-align);\"><span style=\"font-size: 10.5pt; font-family: Roboto; color: #323030;\">nhcamposc@unal.edu.co<\/span><\/b><\/p>\t\t\t\t\t\t\t\t<\/div>\n\t\t\t\t<\/div>\n\t\t\t\t<\/div>\n\t\t<div class=\"elementor-element elementor-element-2a9d8f4b e-con-full e-flex e-con e-child\" data-id=\"2a9d8f4b\" data-element_type=\"container\">\n\t\t\t\t<div class=\"elementor-element elementor-element-6244c22b elementor-widget elementor-widget-text-editor\" data-id=\"6244c22b\" data-element_type=\"widget\" data-widget_type=\"text-editor.default\">\n\t\t\t\t<div class=\"elementor-widget-container\">\n\t\t\t\t\t\t\t\t\t<p style=\"margin: 0in 0in 7.5pt; background-image: initial; background-position: initial; background-size: initial; background-repeat: initial; background-attachment: initial; background-origin: initial; background-clip: initial;\"><strong><span lang=\"ES-CO\" style=\"font-size: 10.5pt; font-family: Roboto; color: #323030; mso-ansi-language: ES-CO; font-weight: normal;\">Es<\/span><\/strong><span lang=\"ES-CO\" style=\"font-size: 10.5pt; font-family: Roboto; color: #323030; mso-ansi-language: ES-CO;\"> bi\u00f3logo marino de la Universidad Jorge Tadeo Lozano, con estudios de diplomado y doctorado (Dr. rer. nat.) del Institut fur Meereskunde de la Universidad de Kiel, Alemania. Profesional especializado de Colciencias, jefe de Programa del Instituto de Investigaciones Marinas y Costeras Jos\u00e9 Benito Vives de Andreis (INVEMAR) y desde 1986 profesor Asistente de la Universidad Nacional de Colombia, adscrito al Instituto de Ciencias Naturales, obtuvo la categor\u00eda de profesor titular en 2010. Con la adscripci\u00f3n del Instituto de Estudios en Ciencias del Mar (CECIMAR) a la Sede Caribe de la Universidad en 2008, se vincul\u00f3 a este instituto. Gestor y director desde la creaci\u00f3n del CECIMAR en 2001. Sus actividades investigativas est\u00e1n orientadas a taxonom\u00eda y ecolog\u00eda de crust\u00e1ceos, ecotoxicolog\u00eda y ecofisiolog\u00eda. Miembro fundador y presidente de la Asociaci\u00f3n Colombiana de Ciencias del Mar (ACIMAR), consejero del Programa Ciencias del Mar y los Recursos Hidrobiol\u00f3gicos, miembro del Comit\u00e9 editorial de la\u00a0<em>Revista de la Academia Colombiana de Ciencias Exactas, F\u00edsicas y Naturales\u00a0<\/em>y de la\u00a0<em>Revista Ciencias Marinas y Costeras de la Universidad Nacional de Costa Rica (REVMAR).<o:p><\/o:p><\/em><\/span><\/p>\t\t\t\t\t\t\t\t<\/div>\n\t\t\t\t<\/div>\n\t\t\t\t<\/div>\n\t\t\t\t\t<\/div>\n\t\t\t\t<\/div>\n\t\t<div class=\"elementor-element elementor-element-cd0bc53 e-flex e-con-boxed e-con e-parent\" data-id=\"cd0bc53\" data-element_type=\"container\">\n\t\t\t\t\t<div class=\"e-con-inner\">\n\t\t\t\t<div class=\"elementor-element elementor-element-3768f516 elementor-widget__width-initial elementor-widget elementor-widget-heading\" data-id=\"3768f516\" data-element_type=\"widget\" data-widget_type=\"heading.default\">\n\t\t\t\t<div class=\"elementor-widget-container\">\n\t\t\t\t\t<h4 class=\"elementor-heading-title elementor-size-default\">Otros miembros de n\u00famero de  la Academia<\/h4>\t\t\t\t<\/div>\n\t\t\t\t<\/div>\n\t\t\t\t\t<\/div>\n\t\t\t\t<\/div>\n\t\t<div class=\"elementor-element elementor-element-261a9c1d e-flex e-con-boxed e-con e-parent\" data-id=\"261a9c1d\" data-element_type=\"container\">\n\t\t\t\t\t<div class=\"e-con-inner\">\n\t\t<div class=\"elementor-element elementor-element-6b075d0e e-con-full e-flex e-con e-child\" data-id=\"6b075d0e\" data-element_type=\"container\">\n\t\t\t\t<div class=\"elementor-element elementor-element-d63e64c elementor-widget elementor-widget-image\" data-id=\"d63e64c\" data-element_type=\"widget\" data-widget_type=\"image.default\">\n\t\t\t\t<div class=\"elementor-widget-container\">\n\t\t\t\t\t\t\t\t\t\t\t\t\t\t\t<img decoding=\"async\" src=\"https:\/\/accefyn.com\/microsites\/capitulos\/caribe\/wp-content\/uploads\/2023\/11\/Screenshot-528.png\" title=\"Screenshot (528)\" alt=\"Screenshot (528)\" loading=\"lazy\" \/>\t\t\t\t\t\t\t\t\t\t\t\t\t\t\t<\/div>\n\t\t\t\t<\/div>\n\t\t\t\t<\/div>\n\t\t<div class=\"elementor-element elementor-element-277b9723 e-con-full e-flex e-con e-child\" data-id=\"277b9723\" data-element_type=\"container\">\n\t\t\t\t<div class=\"elementor-element elementor-element-4968fc62 elementor-widget elementor-widget-text-editor\" data-id=\"4968fc62\" data-element_type=\"widget\" data-widget_type=\"text-editor.default\">\n\t\t\t\t<div class=\"elementor-widget-container\">\n\t\t\t\t\t\t\t\t\t<p style=\"margin: 0in 0in 7.5pt; background-image: initial; background-position: initial; background-size: initial; background-repeat: initial; background-attachment: initial; background-origin: initial; background-clip: initial;\"><strong><span lang=\"ES-CO\" style=\"font-size: 10.5pt; font-family: Roboto; color: #323030; mso-ansi-language: ES-CO;\">\u00c1ngela Mar\u00eda Guzm\u00e1n Hern\u00e1ndez&nbsp;<\/span><\/strong><span style=\"color: rgb(50, 48, 48); font-family: Roboto; font-size: 10.5pt;\">Es profesora Em\u00e9rita del Departamento de F\u00edsica de la Universidad Nacional de Colombia. Es f\u00edsica y M.Sc. en F\u00edsica de la Universidad Nacional de Colombia. Obtuvo su doctorado (Dr. rer. nat.) en la Universidad Ludwig Maximilian de M\u00fanich, por investigaci\u00f3n en el Instituto Max Planck de \u00d3ptica Cu\u00e1ntica en Garching, Alemania, y realiz\u00f3 un postdoctorado en el Centro de Ciencias \u00d3pticas de la Universidad de Arizona. En 2011, recibi\u00f3 el t\u00edtulo de Doctor Honorario en Educaci\u00f3n de la Universidad Pedag\u00f3gica Estatal de Armenia Khachatur Abobyan.<\/span><\/p>\n<p style=\"margin: 0in; font-size: 14px; background-image: initial; background-position: initial; background-size: initial; background-repeat: initial; background-attachment: initial; background-origin: initial; background-clip: initial;\"><span lang=\"ES-CO\" style=\"font-size: 10.5pt; font-family: Roboto; color: rgb(50, 48, 48);\">Recibi\u00f3 el Premio \u201cSarwar Razmi\u201d del Abdus Salam International Centre for Theoretical Physics (ICTP) en 1992 por establecer investigaci\u00f3n en ciencia y tecnolog\u00eda de fibras \u00f3ptica en Colombia y en 1998 se convirti\u00f3 en Investigadora Asociada Senior del ICTP. De 2005 a 2008 se desempe\u00f1\u00f3 como Vicepresidenta de la Comisi\u00f3n Internacional de \u00d3ptica (ICO). En 2007, fue distinguida como Fellow de OPTICA por sus contribuciones a la \u00f3ptica cu\u00e1ntica y at\u00f3mica y por la promoci\u00f3n de la \u00f3ptica en los pa\u00edses en desarrollo. Desde 2008 al 2017 ocup\u00f3 el cargo de Secretaria General de la ICO, presidi\u00f3 el Grupo Asesor del Sistema de Trieste en \u00d3ptica y sus Aplicaciones y fue Coordinadora del Taller de la UNESCO sobre Aprendizaje Activo en \u00d3ptica y Fot\u00f3nica (ALOP) en Am\u00e9rica Latina. En 2010, durante la conmemoraci\u00f3n del 50 aniversario del Departamento de F\u00edsica de la Universidad Nacional de Colombia, recibi\u00f3 un diploma como alumna distinguida del Departamento, por su alta visibilidad internacional.&nbsp;<\/span><\/p>\n<p style=\"margin: 0in 0in 7.5pt; background-image: initial; background-position: initial; background-size: initial; background-repeat: initial; background-attachment: initial; background-origin: initial; background-clip: initial;\"><span lang=\"ES-CO\" style=\"font-size: 10.5pt; font-family: Roboto; color: #323030; mso-ansi-language: ES-CO;\"><\/span><\/p>\n<p style=\"margin: 0in; font-size: 14px; background-image: initial; background-position: initial; background-size: initial; background-repeat: initial; background-attachment: initial; background-origin: initial; background-clip: initial;\"><span lang=\"ES-CO\" style=\"font-size: 10.5pt; font-family: Roboto; color: rgb(50, 48, 48);\">En 2014-2015 trabaj\u00f3 como Oficial Cient\u00edfica de la Oficina Regional del Consejo Internacional de Ciencia para Am\u00e9rica Latina y el Caribe en M\u00e9xico, encargada de los programas en energ\u00eda renovable y riesgo de desastres en Latinoam\u00e9rica y el Caribe. Dado su inter\u00e9s en energ\u00edas renovables, realizo un diplomado en la Universidad de Stanford en innovaci\u00f3n energ\u00e9tica y tecnolog\u00edas emergentes (2018), y un curso de instalaci\u00f3n de sistemas fotovoltaicos en el Centro de Energ\u00eda Solar de la Universidad de Florida Central en 2019. En 2020 finaliz\u00f3 una maestr\u00eda en energ\u00edas renovables con doble titulaci\u00f3n, de la Universidad Camilo Jos\u00e9 Cela y el Fondo Monetario Internacional. Es cofundadora de la Red Colombiana de Mujeres Cient\u00edficas y actualmente es la vicepresidenta de esta organizaci\u00f3n.<\/span><\/p>\n<p style=\"margin: 0in 0in 7.5pt; background-image: initial; background-position: initial; background-size: initial; background-repeat: initial; background-attachment: initial; background-origin: initial; background-clip: initial;\"><span lang=\"ES-CO\" style=\"font-size: 10.5pt; font-family: Roboto; color: #323030; mso-ansi-language: ES-CO;\"><span style=\"font-weight: bold;\">Researchgate:&nbsp;<\/span><\/span><a href=\"https:\/\/orcid.org\/0000-0001-7099-9006\" style=\"font-family: Roboto; font-size: 10.5pt; background-color: rgb(255, 254, 254); font-weight: 700;\">https:\/\/orcid.org\/0000-0001-7099-9006<\/a><\/p>\t\t\t\t\t\t\t\t<\/div>\n\t\t\t\t<\/div>\n\t\t\t\t<\/div>\n\t\t\t\t\t<\/div>\n\t\t\t\t<\/div>\n\t\t<div class=\"elementor-element elementor-element-197f34a4 e-flex e-con-boxed e-con e-parent\" data-id=\"197f34a4\" data-element_type=\"container\">\n\t\t\t\t\t<div class=\"e-con-inner\">\n\t\t<div class=\"elementor-element elementor-element-4f595332 e-con-full e-flex e-con e-child\" data-id=\"4f595332\" data-element_type=\"container\">\n\t\t\t\t<div class=\"elementor-element elementor-element-144d80e9 elementor-widget__width-initial elementor-widget elementor-widget-image\" data-id=\"144d80e9\" data-element_type=\"widget\" data-widget_type=\"image.default\">\n\t\t\t\t<div class=\"elementor-widget-container\">\n\t\t\t\t\t\t\t\t\t\t\t\t\t\t\t<img loading=\"lazy\" decoding=\"async\" width=\"150\" height=\"150\" src=\"https:\/\/accefyn.com\/microsites\/capitulos\/caribe\/wp-content\/uploads\/2023\/12\/Luis-Caraballo-150x150.jpg\" class=\"attachment-thumbnail size-thumbnail wp-image-124\" alt=\"\" srcset=\"https:\/\/accefyn.com\/microsites\/capitulos\/caribe\/wp-content\/uploads\/2023\/12\/Luis-Caraballo-150x150.jpg 150w, https:\/\/accefyn.com\/microsites\/capitulos\/caribe\/wp-content\/uploads\/2023\/12\/Luis-Caraballo-300x300.jpg 300w, https:\/\/accefyn.com\/microsites\/capitulos\/caribe\/wp-content\/uploads\/2023\/12\/Luis-Caraballo.jpg 353w\" sizes=\"(max-width: 150px) 100vw, 150px\" \/>\t\t\t\t\t\t\t\t\t\t\t\t\t\t\t<\/div>\n\t\t\t\t<\/div>\n\t\t\t\t<\/div>\n\t\t<div class=\"elementor-element elementor-element-2590acc5 e-con-full e-flex e-con e-child\" data-id=\"2590acc5\" data-element_type=\"container\">\n\t\t\t\t<div class=\"elementor-element elementor-element-2cf6ff20 elementor-widget elementor-widget-text-editor\" data-id=\"2cf6ff20\" data-element_type=\"widget\" data-widget_type=\"text-editor.default\">\n\t\t\t\t<div class=\"elementor-widget-container\">\n\t\t\t\t\t\t\t\t\t<p style=\"margin: 0in 0in 7.5pt; background-image: initial; background-position: initial; background-size: initial; background-repeat: initial; background-attachment: initial; background-origin: initial; background-clip: initial;\"><strong><span lang=\"ES-CO\" style=\"font-size: 10.5pt; font-family: Roboto; color: #323030; mso-ansi-language: ES-CO;\">Luis Caraballo <\/span><\/strong><font color=\"#323030\" face=\"Roboto\">Doctor en Medicina y Cirug\u00eda, magister en Inmunolog\u00eda, doctor en Ciencias&nbsp;<\/font><span style=\"color: rgb(50, 48, 48); font-family: Roboto; font-size: inherit;\">Farmac\u00e9uticas y especialista en Alergolog\u00eda Cl\u00ednica. Profesor titular de&nbsp;<\/span><span style=\"color: rgb(50, 48, 48); font-family: Roboto; font-size: inherit;\">Inmunolog\u00eda y Alergolog\u00eda y profesor honorario de la Universidad de Cartagena,&nbsp;<\/span><span style=\"color: rgb(50, 48, 48); font-family: Roboto; font-size: inherit;\">Colombia. Investigador em\u00e9rito de Colciencias y director del Grupo de&nbsp;<\/span><span style=\"color: rgb(50, 48, 48); font-family: Roboto; font-size: inherit;\">Investigaci\u00f3n en Alergolog\u00eda Experimental e Inmunogen\u00e9tica (A1). Autor de m\u00e1s&nbsp;<\/span><span style=\"color: rgb(50, 48, 48); font-family: Roboto; font-size: inherit;\">de 180 art\u00edculos cient\u00edficos, 3 libros y 34 cap\u00edtulos sobre Alergolog\u00eda, biolog\u00eda&nbsp;<\/span><span style=\"color: rgb(50, 48, 48); font-family: Roboto; font-size: inherit;\">molecular y biotecnolog\u00eda, ha dictado 170 conferencias cient\u00edficas en el \u00e1mbito&nbsp;<\/span><span style=\"color: rgb(50, 48, 48); font-family: Roboto; font-size: inherit;\">internacional. Sus temas de estudio son los alergenos de \u00e1caros causantes de&nbsp;<\/span><span style=\"color: rgb(50, 48, 48); font-family: Roboto; font-size: inherit;\">asma, la gen\u00e9tica y epigen\u00e9tica de la respuesta al\u00e9rgica y las interacciones entre&nbsp;<\/span><span style=\"color: rgb(50, 48, 48); font-family: Roboto; font-size: inherit;\">las helmintiasis y las enfermedades al\u00e9rgicas. Fundador del Instituto de&nbsp;<\/span><span style=\"color: rgb(50, 48, 48); font-family: Roboto; font-size: inherit;\">Investigaciones Inmunol\u00f3gicas, de la Maestr\u00eda en Inmunolog\u00eda y del Doctorado en&nbsp;<\/span><span style=\"color: rgb(50, 48, 48); font-family: Roboto; font-size: inherit;\">Ciencias Biom\u00e9dicas de la Universidad de Cartagena. Ha sido tutor de 20&nbsp;<\/span><span style=\"color: rgb(50, 48, 48); font-family: Roboto; font-size: inherit;\">estudiantes de posgrado en programas de Maestr\u00eda y doctorado. Fue el director&nbsp;<\/span><span style=\"color: rgb(50, 48, 48); font-family: Roboto; font-size: inherit;\">inmediatamente anterior del Cap\u00edtulo del Caribe. Ha sido en dos ocasiones&nbsp;<\/span><span style=\"color: rgb(50, 48, 48); font-family: Roboto; font-size: inherit;\">presidente de la Asociaci\u00f3n Colombiana de Alergia, Asma e Inmunolog\u00eda y&nbsp;<\/span><span style=\"color: rgb(50, 48, 48); font-family: Roboto; font-size: inherit;\">miembro del Consejo Directivo de la organizaci\u00f3n Mundial de Alergia (WAO).<\/span><\/p>\t\t\t\t\t\t\t\t<\/div>\n\t\t\t\t<\/div>\n\t\t\t\t<\/div>\n\t\t\t\t\t<\/div>\n\t\t\t\t<\/div>\n\t\t<div class=\"elementor-element elementor-element-22479bcb e-flex e-con-boxed e-con e-parent\" data-id=\"22479bcb\" data-element_type=\"container\">\n\t\t\t\t\t<div class=\"e-con-inner\">\n\t\t<div class=\"elementor-element elementor-element-3d2e810d e-con-full e-flex e-con e-child\" data-id=\"3d2e810d\" data-element_type=\"container\">\n\t\t\t\t<div class=\"elementor-element elementor-element-66eae2e9 elementor-widget elementor-widget-image\" data-id=\"66eae2e9\" data-element_type=\"widget\" data-widget_type=\"image.default\">\n\t\t\t\t<div class=\"elementor-widget-container\">\n\t\t\t\t\t\t\t\t\t\t\t\t\t\t\t<img loading=\"lazy\" decoding=\"async\" width=\"150\" height=\"150\" src=\"https:\/\/accefyn.com\/microsites\/capitulos\/caribe\/wp-content\/uploads\/2023\/12\/Leonardo-Puerta-150x150.png\" class=\"attachment-thumbnail size-thumbnail wp-image-123\" alt=\"\" srcset=\"https:\/\/accefyn.com\/microsites\/capitulos\/caribe\/wp-content\/uploads\/2023\/12\/Leonardo-Puerta-150x150.png 150w, https:\/\/accefyn.com\/microsites\/capitulos\/caribe\/wp-content\/uploads\/2023\/12\/Leonardo-Puerta.png 152w\" sizes=\"(max-width: 150px) 100vw, 150px\" \/>\t\t\t\t\t\t\t\t\t\t\t\t\t\t\t<\/div>\n\t\t\t\t<\/div>\n\t\t\t\t<\/div>\n\t\t<div class=\"elementor-element elementor-element-6f6053d5 e-con-full e-flex e-con e-child\" data-id=\"6f6053d5\" data-element_type=\"container\">\n\t\t\t\t<div class=\"elementor-element elementor-element-66725fb elementor-widget elementor-widget-text-editor\" data-id=\"66725fb\" data-element_type=\"widget\" data-widget_type=\"text-editor.default\">\n\t\t\t\t<div class=\"elementor-widget-container\">\n\t\t\t\t\t\t\t\t\t<p style=\"margin: 0in 0in 7.5pt; background-image: initial; background-position: initial; background-size: initial; background-repeat: initial; background-attachment: initial; background-origin: initial; background-clip: initial;\"><strong><span lang=\"ES-CO\" style=\"font-size: 10.5pt; font-family: Roboto; color: #323030; mso-ansi-language: ES-CO;\">Leonardo Puerta<\/span><\/strong><span lang=\"ES-CO\" style=\"font-size: 10.5pt; font-family: Roboto; color: #323030; mso-ansi-language: ES-CO;\">&nbsp;<b>Llerena<\/b> es qu\u00edmico farmac\u00e9utico, magister en Ciencias Farmac\u00e9uticas de la Universidad Nacional de Colombia y doctor en Ciencias Biol\u00f3gicas de la Pontificia Universidad Javeriana, con un posgrado en Inmunolog\u00eda en la University of South Florida, Tampa, Estados Unidos. Profesor titular de Inmunolog\u00eda en la Universidad de Cartagena. Su trabajo ha contribuido en el descubrimiento, caracterizaci\u00f3n y clonaci\u00f3n de varios alergenos del acaro&nbsp;<em>Blomia tropicalis&nbsp;<\/em>y en la demostraci\u00f3n de la importancia epidemiol\u00f3gica y cl\u00ednica de este acaro en el tr\u00f3pico y el subtr\u00f3pico. Ha registrado una patente de invenci\u00f3n que reivindica el dise\u00f1o y la producci\u00f3n de prote\u00ednas recombinantes con potencial utilidad para el dise\u00f1o de vacunas para tratar las alergias por \u00e1caros. Ha contribuido al conocimiento y la caracterizaci\u00f3n antig\u00e9nica del mosquito&nbsp;<em>Aedes aegypti&nbsp;<\/em>y su papel como inductor de alergias, participando en el descubrimiento de nuevos alergenos de esta especie de mosquito y su registro en base de datos. Como docente investigador ha tenido un papel importante en el desarrollo de los programas de Maestr\u00eda en Inmunolog\u00eda y el Doctorado en Ciencias Biom\u00e9dicas de la Universidad de Cartagena, formando j\u00f3venes y dirigiendo tesis de Maestr\u00eda y doctorado. El profesor Puerta es actualmente vicerrector de Investigaci\u00f3n de la Universidad de Cartagena y miembro del Comit\u00e9 Asesor del Comit\u00e9 Ejecutivo del Sistema Universitario Estatal (sue). <o:p><\/o:p><\/span><\/p>\n<p><\/p>\n<p style=\"margin: 0in 0in 7.5pt; background-image: initial; background-position: initial; background-size: initial; background-repeat: initial; background-attachment: initial; background-origin: initial; background-clip: initial;\"><span lang=\"ES-CO\" style=\"font-size: 10.5pt; font-family: Roboto; color: #323030; mso-ansi-language: ES-CO;\">Ha recibido, entre otros, los siguientes reconocimientos: Premio Jos\u00e9 Francisco Socarras al m\u00e9rito Afrocolombiano en Educaci\u00f3n, categor\u00eda Mejor docente investigador; \u201cAfrocolombiano del a\u00f1o 2014\u201d en la categor\u00eda \u201cCiencia y Tecnolog\u00eda\u201d; Premio Innovaci\u00f3n en Bol\u00edvar 2013, categor\u00eda Academia-Investigador, C\u00e1mara de Comercio de Cartagena y Servicio Nacional de Aprendizaje (Sena) del departamento de Bol\u00edvar. Miembro de honor de la Sociedad Cubana de Inmunolog\u00eda.<o:p><\/o:p><\/span><\/p>\t\t\t\t\t\t\t\t<\/div>\n\t\t\t\t<\/div>\n\t\t\t\t<\/div>\n\t\t\t\t\t<\/div>\n\t\t\t\t<\/div>\n\t\t<div class=\"elementor-element elementor-element-501bd707 e-flex e-con-boxed e-con e-parent\" data-id=\"501bd707\" data-element_type=\"container\">\n\t\t\t\t\t<div class=\"e-con-inner\">\n\t\t<div class=\"elementor-element elementor-element-14678699 e-con-full e-flex e-con e-child\" data-id=\"14678699\" data-element_type=\"container\">\n\t\t\t\t<div class=\"elementor-element elementor-element-2fdd1a2d elementor-widget elementor-widget-image\" data-id=\"2fdd1a2d\" data-element_type=\"widget\" data-widget_type=\"image.default\">\n\t\t\t\t<div class=\"elementor-widget-container\">\n\t\t\t\t\t\t\t\t\t\t\t\t\t\t\t<img loading=\"lazy\" decoding=\"async\" width=\"150\" height=\"150\" src=\"https:\/\/accefyn.com\/microsites\/capitulos\/caribe\/wp-content\/uploads\/2023\/12\/Bernardo-Uribe-150x150.png\" class=\"attachment-thumbnail size-thumbnail wp-image-117\" alt=\"\" srcset=\"https:\/\/accefyn.com\/microsites\/capitulos\/caribe\/wp-content\/uploads\/2023\/12\/Bernardo-Uribe-150x150.png 150w, https:\/\/accefyn.com\/microsites\/capitulos\/caribe\/wp-content\/uploads\/2023\/12\/Bernardo-Uribe.png 213w\" sizes=\"(max-width: 150px) 100vw, 150px\" \/>\t\t\t\t\t\t\t\t\t\t\t\t\t\t\t<\/div>\n\t\t\t\t<\/div>\n\t\t\t\t<\/div>\n\t\t<div class=\"elementor-element elementor-element-5c5f8e34 e-con-full e-flex e-con e-child\" data-id=\"5c5f8e34\" data-element_type=\"container\">\n\t\t\t\t<div class=\"elementor-element elementor-element-f88f916 elementor-widget elementor-widget-text-editor\" data-id=\"f88f916\" data-element_type=\"widget\" data-widget_type=\"text-editor.default\">\n\t\t\t\t<div class=\"elementor-widget-container\">\n\t\t\t\t\t\t\t\t\t<p style=\"margin: 0in 0in 7.5pt; background-image: initial; background-position: initial; background-size: initial; background-repeat: initial; background-attachment: initial; background-origin: initial; background-clip: initial;\"><strong><span lang=\"ES-CO\" style=\"font-size: 10.5pt; font-family: Roboto; color: #323030; mso-ansi-language: ES-CO;\">Bernardo Uribe<\/span><\/strong><span lang=\"ES-CO\" style=\"font-size: 10.5pt; font-family: Roboto; color: #323030; mso-ansi-language: ES-CO;\"> es matem\u00e1tico de la Universidad de los Andes y Ph. D. en Matem\u00e1ticas de la Universidad de Wisconsin. Profesor del Departamento de Matem\u00e1ticas y Estad\u00edstica de la Universidad del Norte. Ganador del Premio Academia de Ciencias de los Pa\u00edses en Desarrollo (TWAS) para Cient\u00edficos J\u00f3venes; becario de la Fundaci\u00f3n Alexander von Humboldt; vicepresidente y presidente de la Sociedad Colombiana de Matem\u00e1ticas, periodos 2015-2017 y 2017-2020; embajador cient\u00edfico Humboldt de la Fundaci\u00f3n Alexander von Humboldt 2018-2020; miembro del Consejo Asesor Cient\u00edfico, Instituto de Ciencias Matem\u00e1ticas de las Am\u00e9ricas, Miami, EE. UU.; miembro del Consejo Nacional del Programa de Ciencias B\u00e1sicas, Colciencias (periodo agosto de 2018-julio de 2021). Experto en topolog\u00eda algebraica, especializado en clasificaci\u00f3n de propiedades invariantes bajo simetr\u00edas.<br><b><br>Ganador del Premio Nacional de Matem\u00e1ticas 2023 otorgado por la Sociedad Colombiana de Matem\u00e1ticas.<br><\/b><\/span><\/p>\n<p style=\"margin: 0in 0in 7.5pt; background-image: initial; background-position: initial; background-size: initial; background-repeat: initial; background-attachment: initial; background-origin: initial; background-clip: initial;\"><span lang=\"ES-CO\" style=\"font-size: 10.5pt; font-family: Roboto; color: #323030; mso-ansi-language: ES-CO;\"><span lang=\"ES-CO\" style=\"font-size: 10.5pt; background-color: #fffefe; text-align: justify; font-family: Roboto; color: #323030;\"><span lang=\"ES-CO\" style=\"font-size: 10.5pt; text-align: var(--text-align); font-family: Roboto; color: #323030;\"><span style=\"font-weight: bold; text-align: start;\">ArXiv: <\/span><\/span><\/span><\/span><a href=\"https:\/\/arxiv.org\/a\/uribe_b_1.html\"><span lang=\"ES-CO\" style=\"font-size: 10.5pt; font-family: Roboto; color: #008000;\"><span lang=\"ES-CO\" style=\"font-size: 10.5pt; background-color: #fffefe; text-align: justify; font-family: Roboto;\"><span lang=\"ES-CO\" style=\"font-size: 10.5pt; text-align: var(--text-align); font-family: Roboto;\"><span style=\"font-weight: bold; text-align: start;\">https:\/\/arxiv.org\/a\/uribe_b_1.html<\/span><\/span><\/span><\/span><\/a><span lang=\"ES-CO\" style=\"font-size: 10.5pt; font-family: Roboto; color: #323030; mso-ansi-language: ES-CO;\"><span lang=\"ES-CO\" style=\"font-size: 10.5pt; background-color: #fffefe; text-align: justify; font-family: Roboto; color: #323030;\"><span lang=\"ES-CO\" style=\"font-size: 10.5pt; text-align: var(--text-align); font-family: Roboto; color: #323030;\"><span style=\"font-weight: bold; text-align: start;\"><br><b>ORCID: <a href=\"https:\/\/orcid.org\/0000-0003-2234-4624\"><span style=\"color: #008000;\">https:\/\/orcid.org\/0000-0003-2234-4624<\/span><\/a><\/b><br>Scopus: <a href=\"https:\/\/www.scopus.com\/authid\/detail.uri?authorId=14025114800\"><span style=\"color: #008000;\">https:\/\/www.scopus.com\/authid\/detail.uri?authorId=14025114800<\/span><\/a><\/span><\/span><\/span><\/span><span lang=\"ES-CO\" style=\"font-size: 10.5pt; font-family: Roboto; color: #323030; mso-ansi-language: ES-CO;\"><span lang=\"ES-CO\" style=\"font-size: 10.5pt; background-color: #fffefe; text-align: justify; font-family: Roboto; color: #323030;\"><span lang=\"ES-CO\" style=\"font-size: 10.5pt; text-align: var(--text-align); font-family: Roboto; color: #323030;\"><span style=\"font-weight: bold; text-align: start;\"><br>Google scholar: <a href=\"https:\/\/scholar.google.com\/citations?user=iNeLZp8AAAAJ&amp;hl=en\"><span style=\"color: #008000;\">https:\/\/scholar.google.com\/citations?user=iNeLZp8AAAAJ&amp;hl=en<\/span><\/a><br>LinkedIn: <a href=\"https:\/\/www.linkedin.com\/in\/bernardo-uribe-jongbloed\/\"><span style=\"color: #008000;\">https:\/\/www.linkedin.com\/in\/bernardo-uribe-jongbloed\/<\/span><\/a><br>Sites Google:&nbsp;<\/span><\/span><\/span><\/span><span style=\"background-color: rgb(255, 254, 254); outline: 0px; opacity: 0.75; font-family: Roboto; font-weight: 700; color: rgb(0, 128, 0);\"><a href=\"https:\/\/sites.google.com\/site\/bernardouribejongbloed\/\">https:\/\/sites.google.com\/site\/bernardouribejongbloed\/<\/a><\/span><\/p>\t\t\t\t\t\t\t\t<\/div>\n\t\t\t\t<\/div>\n\t\t\t\t<\/div>\n\t\t\t\t\t<\/div>\n\t\t\t\t<\/div>\n\t\t<div class=\"elementor-element elementor-element-5597ea4c e-flex e-con-boxed e-con e-parent\" data-id=\"5597ea4c\" data-element_type=\"container\">\n\t\t\t\t\t<div class=\"e-con-inner\">\n\t\t\t\t<div class=\"elementor-element elementor-element-42d9f552 elementor-widget elementor-widget-heading\" data-id=\"42d9f552\" data-element_type=\"widget\" data-widget_type=\"heading.default\">\n\t\t\t\t<div class=\"elementor-widget-container\">\n\t\t\t\t\t<h4 class=\"elementor-heading-title elementor-size-default\">Otros miembros correspondientes de la Academia<\/h4>\t\t\t\t<\/div>\n\t\t\t\t<\/div>\n\t\t\t\t\t<\/div>\n\t\t\t\t<\/div>\n\t\t<div class=\"elementor-element elementor-element-2eaa5f51 e-flex e-con-boxed e-con e-parent\" data-id=\"2eaa5f51\" data-element_type=\"container\">\n\t\t\t\t\t<div class=\"e-con-inner\">\n\t\t<div class=\"elementor-element elementor-element-3ca10354 e-con-full e-flex e-con e-child\" data-id=\"3ca10354\" data-element_type=\"container\">\n\t\t\t\t<div class=\"elementor-element elementor-element-5a59cd79 elementor-widget elementor-widget-image\" data-id=\"5a59cd79\" data-element_type=\"widget\" data-widget_type=\"image.default\">\n\t\t\t\t<div class=\"elementor-widget-container\">\n\t\t\t\t\t\t\t\t\t\t\t\t\t\t\t<img loading=\"lazy\" decoding=\"async\" width=\"170\" height=\"157\" src=\"https:\/\/accefyn.com\/microsites\/capitulos\/caribe\/wp-content\/uploads\/2023\/12\/Arturo-Acero.png\" class=\"attachment-medium size-medium wp-image-116\" alt=\"\" \/>\t\t\t\t\t\t\t\t\t\t\t\t\t\t\t<\/div>\n\t\t\t\t<\/div>\n\t\t\t\t<\/div>\n\t\t<div class=\"elementor-element elementor-element-3c0585b2 e-con-full e-flex e-con e-child\" data-id=\"3c0585b2\" data-element_type=\"container\">\n\t\t\t\t<div class=\"elementor-element elementor-element-12eef22 elementor-widget__width-initial elementor-widget elementor-widget-text-editor\" data-id=\"12eef22\" data-element_type=\"widget\" data-widget_type=\"text-editor.default\">\n\t\t\t\t<div class=\"elementor-widget-container\">\n\t\t\t\t\t\t\t\t\t<p style=\"margin: 0in 0in 7.5pt; background-image: initial; background-position: initial; background-size: initial; background-repeat: initial; background-attachment: initial; background-origin: initial; background-clip: initial;\"><strong><span lang=\"ES-CO\" style=\"font-size: 10.5pt; font-family: Roboto; color: #323030; mso-ansi-language: ES-CO;\">Arturo Acero<\/span><\/strong><span lang=\"ES-CO\" style=\"font-size: 10.5pt; font-family: Roboto; color: #323030; mso-ansi-language: ES-CO;\">&nbsp;<b>Pizarro<\/b> es Bi\u00f3logo Marino, M. Sc. y Ph. D. Ha dedicado su vida investigativa al conocimiento cient\u00edfico de la enorme biodiversidad de peces que habitan nuestros mares y, en general, los del tr\u00f3pico americano. Desde 1986 es profesor del Posgrado en Biolog\u00eda Marina que funciona por convenio entre la Universidad Nacional de Colombia y el Invemar. Ha publicado m\u00e1s de 200 documentos en medios impresos de 10 pa\u00edses en tres continentes, y ha dirigido m\u00e1s de 50 tesis de posgrado y trabajos de grado de 8 universidades colombianas.<o:p><\/o:p><\/span><\/p>\n<p style=\"margin: 0in 0in 7.5pt; background-image: initial; background-position: initial; background-size: initial; background-repeat: initial; background-attachment: initial; background-origin: initial; background-clip: initial;\"><b><span lang=\"ES-CO\" style=\"font-size: 10.5pt; font-family: Roboto; color: #323030; mso-ansi-language: ES-CO;\">Email:&nbsp;<\/span><\/b><a href=\"https:\/\/www.linkedin.com\/in\/bernardo-uribe-jongbloed\/\" style=\"background-color: rgb(255, 254, 254); font-family: Roboto; font-weight: 700;\"><span style=\"color: rgb(0, 128, 0);\">acerop@unal.edu.co<\/span><\/a><br><span style=\"font-weight: 700;\"><span lang=\"ES-CO\" style=\"font-size: 10.5pt; font-family: Roboto; color: rgb(50, 48, 48);\">Orcid:&nbsp;<\/span><\/span><a href=\"https:\/\/www.linkedin.com\/in\/bernardo-uribe-jongbloed\/\" style=\"background-color: rgb(255, 254, 254); outline: 0px; opacity: 0.75; font-family: Roboto; font-weight: 700;\"><span style=\"color: rgb(0, 128, 0);\">https:\/\/orcid.org\/000-0002-6637-9901<\/span><\/a><\/p>\t\t\t\t\t\t\t\t<\/div>\n\t\t\t\t<\/div>\n\t\t\t\t<\/div>\n\t\t\t\t\t<\/div>\n\t\t\t\t<\/div>\n\t\t<div class=\"elementor-element elementor-element-38e0fdca e-flex e-con-boxed e-con e-parent\" data-id=\"38e0fdca\" data-element_type=\"container\">\n\t\t\t\t\t<div class=\"e-con-inner\">\n\t\t<div class=\"elementor-element elementor-element-1219da64 e-con-full e-flex e-con e-child\" data-id=\"1219da64\" data-element_type=\"container\">\n\t\t\t\t<div class=\"elementor-element elementor-element-47f2f2d2 elementor-widget elementor-widget-image\" data-id=\"47f2f2d2\" data-element_type=\"widget\" data-widget_type=\"image.default\">\n\t\t\t\t<div class=\"elementor-widget-container\">\n\t\t\t\t\t\t\t\t\t\t\t\t\t\t\t<img loading=\"lazy\" decoding=\"async\" width=\"150\" height=\"150\" src=\"https:\/\/accefyn.com\/microsites\/capitulos\/caribe\/wp-content\/uploads\/2023\/12\/Jaime-Bernal-150x150.png\" class=\"attachment-thumbnail size-thumbnail wp-image-120\" alt=\"\" srcset=\"https:\/\/accefyn.com\/microsites\/capitulos\/caribe\/wp-content\/uploads\/2023\/12\/Jaime-Bernal-150x150.png 150w, https:\/\/accefyn.com\/microsites\/capitulos\/caribe\/wp-content\/uploads\/2023\/12\/Jaime-Bernal.png 163w\" sizes=\"(max-width: 150px) 100vw, 150px\" \/>\t\t\t\t\t\t\t\t\t\t\t\t\t\t\t<\/div>\n\t\t\t\t<\/div>\n\t\t\t\t<\/div>\n\t\t<div class=\"elementor-element elementor-element-1a9e75d6 e-con-full e-flex e-con e-child\" data-id=\"1a9e75d6\" data-element_type=\"container\">\n\t\t\t\t<div class=\"elementor-element elementor-element-2261fbff elementor-widget elementor-widget-text-editor\" data-id=\"2261fbff\" data-element_type=\"widget\" data-widget_type=\"text-editor.default\">\n\t\t\t\t<div class=\"elementor-widget-container\">\n\t\t\t\t\t\t\t\t\t<p style=\"margin: 0in 0in 7.5pt; background-image: initial; background-position: initial; background-size: initial; background-repeat: initial; background-attachment: initial; background-origin: initial; background-clip: initial;\"><strong><span lang=\"ES-CO\" style=\"font-size: 10.5pt; font-family: Roboto; color: #323030; mso-ansi-language: ES-CO;\">Jaime Bernal<\/span><\/strong><span lang=\"ES-CO\" style=\"font-size: 10.5pt; font-family: Roboto; color: #323030; mso-ansi-language: ES-CO;\">\u00a0<\/span><b><span lang=\"ES-CO\" style=\"font-size: 10.5pt; font-family: Helvetica, sans-serif; color: #1d2129; background-image: initial; background-position: initial; background-size: initial; background-repeat: initial; background-attachment: initial; background-origin: initial; background-clip: initial;\">Villegas<\/span><\/b><span lang=\"ES-CO\" style=\"font-size: 10.5pt; font-family: Helvetica, sans-serif; color: #1d2129; background-image: initial; background-position: initial; background-size: initial; background-repeat: initial; background-attachment: initial; background-origin: initial; background-clip: initial;\"> <\/span><span lang=\"ES-CO\" style=\"font-size: 10.5pt; font-family: Roboto; color: #323030; mso-ansi-language: ES-CO;\">es m\u00e9dico genetista vinculado a la Universidad del Sin\u00fa, Sede Cartagena. Ph. D. de la University of Newcastle Upon Tyne (Reino Unido). Investigador em\u00e9rito de Colciencias. Sus temas de investigaci\u00f3n son: errores innatos del metabolismo; estudio de la respuesta inmune en diferentes patolog\u00edas; estudios gen\u00e9ticos en enfermedades visuales y auditivas; estudios cl\u00ednicos y gen\u00e9ticos en algunas enfermedades, y programa visual auditivo. Entre las distinciones recibidas se encuentran: doctorado\u00a0<em>honoris causa,\u00a0<\/em>Universidad Nacional Hermilio Valdizan; Primer Premio en Ciencias Exactas, F\u00edsicas y Naturales, Fundaci\u00f3n Alejandro \u00c1ngel Escobar; Orden Universidad Javeriana, Pontificia Universidad Javeriana; Investigador Nacional Categor\u00eda 1, Sistema Nacional de Ciencia y Tecnolog\u00eda-Colciencias; Conferencia Inaugural Congreso Colombiano de Medicina Interna, Asociaci\u00f3n Colombiana de Medicina Interna; Premio a la Vida y Obra de un Cient\u00edfico Colombiano, Asociaci\u00f3n Colombiana de Medicina Interna.<o:p><\/o:p><\/span><\/p>\t\t\t\t\t\t\t\t<\/div>\n\t\t\t\t<\/div>\n\t\t\t\t<\/div>\n\t\t\t\t\t<\/div>\n\t\t\t\t<\/div>\n\t\t<div class=\"elementor-element elementor-element-756b404 e-flex e-con-boxed e-con e-parent\" data-id=\"756b404\" data-element_type=\"container\">\n\t\t\t\t\t<div class=\"e-con-inner\">\n\t\t<div class=\"elementor-element elementor-element-3bb3ccd5 e-con-full e-flex e-con e-child\" data-id=\"3bb3ccd5\" data-element_type=\"container\">\n\t\t\t\t<div class=\"elementor-element elementor-element-6cfd8818 elementor-widget elementor-widget-image\" data-id=\"6cfd8818\" data-element_type=\"widget\" data-widget_type=\"image.default\">\n\t\t\t\t<div class=\"elementor-widget-container\">\n\t\t\t\t\t\t\t\t\t\t\t\t\t\t\t<img decoding=\"async\" src=\"https:\/\/accefyn.com\/microsites\/capitulos\/caribe\/wp-content\/uploads\/2023\/12\/Eduardo-Egea.png\" title=\"Eduardo Egea\" alt=\"Eduardo Egea\" loading=\"lazy\" \/>\t\t\t\t\t\t\t\t\t\t\t\t\t\t\t<\/div>\n\t\t\t\t<\/div>\n\t\t\t\t<\/div>\n\t\t<div class=\"elementor-element elementor-element-6c38db19 e-con-full e-flex e-con e-child\" data-id=\"6c38db19\" data-element_type=\"container\">\n\t\t\t\t<div class=\"elementor-element elementor-element-1fee6d87 elementor-widget elementor-widget-text-editor\" data-id=\"1fee6d87\" data-element_type=\"widget\" data-widget_type=\"text-editor.default\">\n\t\t\t\t<div class=\"elementor-widget-container\">\n\t\t\t\t\t\t\t\t\t<p><strong style=\"font-size: inherit; color: var( --e-global-color-text ); font-family: var( --e-global-typography-text-font-family ), Sans-serif; text-align: var(--text-align);\"><span lang=\"ES-CO\" style=\"font-size: 10.5pt; font-family: Roboto; color: #323030; mso-ansi-language: ES-CO;\">Eduardo Alberto Egea Bermejo <\/span><\/strong><span lang=\"ES-CO\" style=\"font-size: 10.5pt; font-weight: var( --e-global-typography-text-font-weight ); text-align: var(--text-align); font-family: Roboto; color: #323030;\">es alerg\u00f3logo cl\u00ednico, magister en Desarrollo Social y doctor en Biotecnolog\u00eda y Tecnolog\u00eda Bioqu\u00edmica. Fue Postdoctoral Research Fellow en el Departamento de Patolog\u00eda de la Universidad de Harvard, entren\u00e1ndose en inmunopatolog\u00eda, Inmunolog\u00eda molecular y celular e inmunogen\u00e9tica. Sus trabajos contribuyeron al conocimiento de la falta de respuesta inmune a la vacuna de la Hepatitis B, y evidenciaron el papel funcional de los ant\u00edgenos hla Clase i en la presentaci\u00f3n antig\u00e9nica y a la asociaci\u00f3n del mhc con enfermedades cr\u00f3nicas, As\u00ed como al estudio inmunoqu\u00edmico de los componentes del complemento. Profesor titular de la Universidad del Norte, dirige el Grupo de Investigaciones en Inmunolog\u00eda y Biolog\u00eda Molecular. Ha formado 16 maestros, 14 especialistas en Biomedicina Molecular y varios doctores en Biomedicina. Ha participado en un centenar de congresos internacionales en los que ha presentado sus resultados de investigaci\u00f3n. Tiene publicados 187 art\u00edculos completos y cortos en destacadas revistas internacionales y nacionales; ha producido 7 desarrollos tecnol\u00f3gicos que se evidencian en 14 patentes, 3 en el \u00e1mbito nacional y 11 internacionales. En la actualidad tiene 5 solicitudes de patentes, 4 internacionales y 1 nacional. Ha recibido m\u00faltiples distinciones como la categorizaci\u00f3n de Investigador Em\u00e9rito de Colciencias. Entre sus proyectos de investigaci\u00f3n en curso se encuentran \u201cDise\u00f1o y producci\u00f3n de p\u00e9ptidos derivados de tropomiosina natural de\u00a0<em>Ascaris lumbricoides\u00a0<\/em>y evaluaci\u00f3n de su actividad inmunomoduladora en modelos experimentales\u00a0<em>in vitro\u00a0<\/em>y\u00a0<em>ex vivo\u00a0<\/em>de Nefritis Lupica\u201d y \u201cDesarrollo de una plataforma biotecnol\u00f3gica para el dise\u00f1o, producci\u00f3n, evaluaci\u00f3n y validaci\u00f3n de polip\u00e9ptidos sint\u00e9ticos multi-epitopes inmunomoduladores \u2013 caso priorizado: modelo experimental de intervenci\u00f3n en asma al\u00e9rgica. Barranquilla\u201d.<\/span><\/p><p style=\"margin: 0in 0in 7.5pt; background-image: initial; background-position: initial; background-size: initial; background-repeat: initial; background-attachment: initial; background-origin: initial; background-clip: initial;\"><span lang=\"ES-CO\" style=\"font-size: 10.5pt; font-family: Roboto; color: #323030; mso-ansi-language: ES-CO;\"><o:p><\/o:p><\/span><\/p>\t\t\t\t\t\t\t\t<\/div>\n\t\t\t\t<\/div>\n\t\t\t\t<\/div>\n\t\t\t\t\t<\/div>\n\t\t\t\t<\/div>\n\t\t<div class=\"elementor-element elementor-element-30c5ab88 e-flex e-con-boxed e-con e-parent\" data-id=\"30c5ab88\" data-element_type=\"container\">\n\t\t\t\t\t<div class=\"e-con-inner\">\n\t\t<div class=\"elementor-element elementor-element-633b1ecb e-con-full e-flex e-con e-child\" data-id=\"633b1ecb\" data-element_type=\"container\">\n\t\t\t\t<div class=\"elementor-element elementor-element-4b91d16c elementor-widget__width-initial elementor-widget elementor-widget-image\" data-id=\"4b91d16c\" data-element_type=\"widget\" data-widget_type=\"image.default\">\n\t\t\t\t<div class=\"elementor-widget-container\">\n\t\t\t\t\t\t\t\t\t\t\t\t\t\t\t<img decoding=\"async\" src=\"https:\/\/accefyn.com\/microsites\/capitulos\/caribe\/wp-content\/uploads\/2023\/12\/Rafael-Gonzalez.png\" title=\"Rafael Gonzalez\" alt=\"Rafael Gonzalez\" loading=\"lazy\" \/>\t\t\t\t\t\t\t\t\t\t\t\t\t\t\t<\/div>\n\t\t\t\t<\/div>\n\t\t\t\t<\/div>\n\t\t<div class=\"elementor-element elementor-element-250b9d92 e-con-full e-flex e-con e-child\" data-id=\"250b9d92\" data-element_type=\"container\">\n\t\t\t\t<div class=\"elementor-element elementor-element-61243be4 elementor-widget elementor-widget-text-editor\" data-id=\"61243be4\" data-element_type=\"widget\" data-widget_type=\"text-editor.default\">\n\t\t\t\t<div class=\"elementor-widget-container\">\n\t\t\t\t\t\t\t\t\t<p style=\"background-image: initial; background-position: initial; background-size: initial; background-repeat: initial; background-attachment: initial; background-origin: initial; background-clip: initial;\"><b><span lang=\"ES-CO\" style=\"font-size: 10.5pt; font-family: Roboto; color: black; background-image: initial; background-position: initial; background-size: initial; background-repeat: initial; background-attachment: initial; background-origin: initial; background-clip: initial;\">Rafael Gonz<\/span><\/b><span style=\"font-weight: bold;\"><span lang=\"ES-CO\" style=\"font-size: 10.5pt; font-family: Roboto; color: black; background-image: initial; background-position: initial; background-size: initial; background-repeat: initial; background-attachment: initial; background-origin: initial; background-clip: initial;\">\u00e1<\/span><\/span><b><span lang=\"ES-CO\" style=\"font-size: 10.5pt; font-family: Roboto; color: black; background-image: initial; background-position: initial; background-size: initial; background-repeat: initial; background-attachment: initial; background-origin: initial; background-clip: initial;\">lez Hern\u00e1ndez <\/span><\/b><span lang=\"ES-CO\" style=\"font-size: 10.5pt; font-family: Roboto; color: black; background-image: initial; background-position: initial; background-size: initial; background-repeat: initial; background-attachment: initial; background-origin: initial; background-clip: initial;\">es Doctor en Ciencias F\u00edsicas de la Universidad Nacional de Colombia y Miembro Correspondiente de la Academia Colombiana de Ciencias Exactas, F\u00edsicas y Naturales. Su \u00e1rea de investigaci\u00f3n se centra en la f\u00edsica computacional aplicada a la materia condensada, con especial inter\u00e9s en la espintr\u00f3nica antiferromagn\u00e9tica, los aislantes topol\u00f3gicos y el transporte cu\u00e1ntico. Es uno de los pocos f\u00edsicos colombianos que han merecido una beca de la Fundaci\u00f3n Alemana Alexander von Humboldt, una de las m\u00e1s prestigiosas del mundo, la cual dio un impulso a su vida acad\u00e9mica, profesional y personal. Con esta beca, hace cuatro a\u00f1os comenz\u00f3 a colaborar con el Grupo Interdisciplinario de Espintr\u00f3nica en el Instituto de F\u00edsica de la Universidad Johannes Gutenberg de Mainz, que lidera el f\u00edsico profesor Jairo Sinova, acercando a los f\u00edsicos te\u00f3ricos y los f\u00edsicos experimentales para revolucionar el campo de la electr\u00f3nica.<o:p><\/o:p><\/span><\/p><p><span lang=\"ES-CO\" style=\"font-size: 10.5pt; font-family: Roboto; color: black; background-image: initial; background-position: initial; background-size: initial; background-repeat: initial; background-attachment: initial; background-origin: initial; background-clip: initial;\"><span style=\"color: #323030; font-weight: bold;\">ORCID:<a href=\"https:\/\/orcid.org\/0000-0003-1761-4116\"><span style=\"color: #008000;\"> https:\/\/orcid.org\/0000-0003-1761-4116<\/span><\/a><br \/>ResearchGate: <a href=\"https:\/\/www.researchgate.net\/profile\/Rafael_Gonzalez-Hernandez\"><span style=\"color: #008000;\">https:\/\/www.researchgate.net\/profile\/Rafael_Gonzalez-Hernandez<\/span><\/a><br \/><\/span><\/span><\/p>\t\t\t\t\t\t\t\t<\/div>\n\t\t\t\t<\/div>\n\t\t\t\t<\/div>\n\t\t\t\t\t<\/div>\n\t\t\t\t<\/div>\n\t\t<div class=\"elementor-element elementor-element-18632af4 e-flex e-con-boxed e-con e-parent\" data-id=\"18632af4\" data-element_type=\"container\">\n\t\t\t\t\t<div class=\"e-con-inner\">\n\t\t<div class=\"elementor-element elementor-element-16b19e83 e-con-full e-flex e-con e-child\" data-id=\"16b19e83\" data-element_type=\"container\">\n\t\t\t\t<div class=\"elementor-element elementor-element-297fa5df elementor-widget__width-initial elementor-widget elementor-widget-image\" data-id=\"297fa5df\" data-element_type=\"widget\" data-widget_type=\"image.default\">\n\t\t\t\t<div class=\"elementor-widget-container\">\n\t\t\t\t\t\t\t\t\t\t\t\t\t\t\t<img decoding=\"async\" src=\"https:\/\/accefyn.com\/microsites\/capitulos\/caribe\/wp-content\/uploads\/2023\/12\/Santiago-Madrinan.png\" title=\"Santiago Madrinan\" alt=\"Santiago Madrinan\" loading=\"lazy\" \/>\t\t\t\t\t\t\t\t\t\t\t\t\t\t\t<\/div>\n\t\t\t\t<\/div>\n\t\t\t\t<\/div>\n\t\t<div class=\"elementor-element elementor-element-48574a0 e-con-full e-flex e-con e-child\" data-id=\"48574a0\" data-element_type=\"container\">\n\t\t\t\t<div class=\"elementor-element elementor-element-42e2bff5 elementor-widget elementor-widget-text-editor\" data-id=\"42e2bff5\" data-element_type=\"widget\" data-widget_type=\"text-editor.default\">\n\t\t\t\t<div class=\"elementor-widget-container\">\n\t\t\t\t\t\t\t\t\t<p style=\"margin: 0in 0in 7.5pt; background-image: initial; background-position: initial; background-size: initial; background-repeat: initial; background-attachment: initial; background-origin: initial; background-clip: initial;\"><strong><span lang=\"ES-CO\" style=\"font-size: 10.5pt; font-family: Roboto; color: #323030; mso-ansi-language: ES-CO;\">Santiago Madri\u00f1\u00e1n Restrepo<\/span><\/strong><span lang=\"ES-CO\" style=\"font-size: 10.5pt; font-family: Roboto; color: #323030; mso-ansi-language: ES-CO;\">\u00a0es Bi\u00f3logo, B. Sc. Biolog\u00eda, Universidad de los Andes; M. Sc. <\/span><span style=\"font-size: 10.5pt; font-family: Roboto; color: #323030;\">Biolog\u00eda, Graduate School of Arts and Sciences, Harvard University y Ph. D. Biolog\u00eda, Graduate School of Arts and Sciences, Harvard University. <\/span><span lang=\"ES-CO\" style=\"font-size: 10.5pt; font-family: Roboto; color: #323030; mso-ansi-language: ES-CO;\">Profesor titular de la Universidad de los Andes. Actual director del Jard\u00edn Bot\u00e1nico de Cartagena. Entre sus intereses cient\u00edficos se encuentran la formulaci\u00f3n de hip\u00f3tesis de patrones de parentesco de organismos a distintos niveles taxon\u00f3micos, enmarcados dentro de la sistem\u00e1tica filogen\u00e9tica; la elucidaci\u00f3n de procesos evolutivos a partir de los patrones filogen\u00e9ticos hipotetizados; el aporte de las distintas disciplinas de la biolog\u00eda (por ejemplo, sistem\u00e1tica, paleontolog\u00eda, ecolog\u00eda, etolog\u00eda, morfolog\u00eda, embriolog\u00eda, fisiolog\u00eda, biolog\u00eda molecular, gen\u00e9tica, etc.) al estudio de la historia y las causas de la evoluci\u00f3n; la aplicaci\u00f3n de estudios sistem\u00e1ticos de la biota en biogeograf\u00eda hist\u00f3rica, biolog\u00eda de la conservaci\u00f3n y estudios de biodiversidad en general. Su grupo de investigaci\u00f3n hace \u00e9nfasis en el estudio de la bot\u00e1nica y el uso de las plantas como sistemas de trabajo, pero existen y se contemplan a futuro trabajos en todo tipo de organismos. De forma paralela el grupo trabaja en historia de la bot\u00e1nica, con el fin de conocer los fundamentos pr\u00e1cticos y te\u00f3ricos responsables del desarrollo de esta disciplina, en particular en la regi\u00f3n neotropical. Tambi\u00e9n incluye un fuerte componente de docencia en ciencias biol\u00f3gicas a nivel de pregrado y posgrado en las \u00e1reas de biolog\u00eda de organismos, estudios de biodiversidad, bot\u00e1nica, sistem\u00e1tica y evoluci\u00f3n. A mediano plazo el grupo trabaja en los siguientes proyectos marco: \u201cOr\u00edgenes y evoluci\u00f3n de la biota de los p\u00e1ramos\u201d; \u201cEvoluci\u00f3n de Asociaciones planta\/ animal\u201d; \u201cHistoria temprana de la bot\u00e1nica en Am\u00e9rica\u201d; \u201cHistoria natural y sistem\u00e1tica de grupos de organismos neotropicales\u201d, y \u201cDesarrollo de la docencia en ciencias biol\u00f3gicas\u201d.<o:p><\/o:p><\/span><\/p>\t\t\t\t\t\t\t\t<\/div>\n\t\t\t\t<\/div>\n\t\t\t\t<\/div>\n\t\t\t\t\t<\/div>\n\t\t\t\t<\/div>\n\t\t<div class=\"elementor-element elementor-element-57c2aac0 e-flex e-con-boxed e-con e-parent\" data-id=\"57c2aac0\" data-element_type=\"container\">\n\t\t\t\t\t<div class=\"e-con-inner\">\n\t\t<div class=\"elementor-element elementor-element-46724a08 e-con-full e-flex e-con e-child\" data-id=\"46724a08\" data-element_type=\"container\">\n\t\t\t\t<div class=\"elementor-element elementor-element-15fe41c3 elementor-widget elementor-widget-image\" data-id=\"15fe41c3\" data-element_type=\"widget\" data-widget_type=\"image.default\">\n\t\t\t\t<div class=\"elementor-widget-container\">\n\t\t\t\t\t\t\t\t\t\t\t\t\t\t\t<img loading=\"lazy\" decoding=\"async\" width=\"150\" height=\"150\" src=\"https:\/\/accefyn.com\/microsites\/capitulos\/caribe\/wp-content\/uploads\/2023\/12\/Camilo-Montes-150x150.png\" class=\"attachment-thumbnail size-thumbnail wp-image-118\" alt=\"\" srcset=\"https:\/\/accefyn.com\/microsites\/capitulos\/caribe\/wp-content\/uploads\/2023\/12\/Camilo-Montes-150x150.png 150w, https:\/\/accefyn.com\/microsites\/capitulos\/caribe\/wp-content\/uploads\/2023\/12\/Camilo-Montes.png 170w\" sizes=\"(max-width: 150px) 100vw, 150px\" \/>\t\t\t\t\t\t\t\t\t\t\t\t\t\t\t<\/div>\n\t\t\t\t<\/div>\n\t\t\t\t<\/div>\n\t\t<div class=\"elementor-element elementor-element-154f8bd3 e-con-full e-flex e-con e-child\" data-id=\"154f8bd3\" data-element_type=\"container\">\n\t\t\t\t<div class=\"elementor-element elementor-element-6d5210a2 elementor-widget elementor-widget-text-editor\" data-id=\"6d5210a2\" data-element_type=\"widget\" data-widget_type=\"text-editor.default\">\n\t\t\t\t<div class=\"elementor-widget-container\">\n\t\t\t\t\t\t\t\t\t<p style=\"margin: 0in 0in 7.5pt; background-image: initial; background-position: initial; background-size: initial; background-repeat: initial; background-attachment: initial; background-origin: initial; background-clip: initial;\"><strong><span lang=\"ES-CO\" style=\"font-size: 10.5pt; font-family: Roboto; color: #323030; mso-ansi-language: ES-CO;\">Camilo Montes<\/span><\/strong><span style=\"background-color: #ffffff; color: #000000; font-family: Arial, Helvetica, sans-serif; font-size: small; font-weight: var( --e-global-typography-text-font-weight ); text-align: var(--text-align);\">\u00a0es ge\u00f3logo de la \u00a0Universidad Nacional de Colombia, sede Bogot\u00e1 (1992), con maestr\u00eda y doctorado en la Universidad de Tennessee (2001), y post-doctorado en el Instituto Franc\u00e9s del Petr\u00f3leo (2003). Con experiencia en la industria del carb\u00f3n en Colombia y en Sur\u00e1frica y experiencia investigativa en el Instituto Smithsoniano de Investigaciones Tropicales, en Panam\u00e1 (STRI). Profesor Asociado de la Universidad de los Andes hasta el 2016 y actualmente profesor Asociado de la Universidad del Norte en Barranquilla.<\/span><\/p>\t\t\t\t\t\t\t\t<\/div>\n\t\t\t\t<\/div>\n\t\t\t\t<\/div>\n\t\t\t\t\t<\/div>\n\t\t\t\t<\/div>\n\t\t<div class=\"elementor-element elementor-element-1a09f0c0 e-flex e-con-boxed e-con e-parent\" data-id=\"1a09f0c0\" data-element_type=\"container\">\n\t\t\t\t\t<div class=\"e-con-inner\">\n\t\t<div class=\"elementor-element elementor-element-40fc6b9f e-con-full e-flex e-con e-child\" data-id=\"40fc6b9f\" data-element_type=\"container\">\n\t\t\t\t<div class=\"elementor-element elementor-element-6584576c elementor-widget elementor-widget-image\" data-id=\"6584576c\" data-element_type=\"widget\" data-widget_type=\"image.default\">\n\t\t\t\t<div class=\"elementor-widget-container\">\n\t\t\t\t\t\t\t\t\t\t\t\t\t\t\t<img loading=\"lazy\" decoding=\"async\" width=\"150\" height=\"150\" src=\"https:\/\/accefyn.com\/microsites\/capitulos\/caribe\/wp-content\/uploads\/2024\/09\/Javier-Montoya-150x150.png\" class=\"attachment-thumbnail size-thumbnail wp-image-966\" alt=\"\" srcset=\"https:\/\/accefyn.com\/microsites\/capitulos\/caribe\/wp-content\/uploads\/2024\/09\/Javier-Montoya-150x150.png 150w, https:\/\/accefyn.com\/microsites\/capitulos\/caribe\/wp-content\/uploads\/2024\/09\/Javier-Montoya-300x300.png 300w, https:\/\/accefyn.com\/microsites\/capitulos\/caribe\/wp-content\/uploads\/2024\/09\/Javier-Montoya-1024x1024.png 1024w, https:\/\/accefyn.com\/microsites\/capitulos\/caribe\/wp-content\/uploads\/2024\/09\/Javier-Montoya-768x768.png 768w, https:\/\/accefyn.com\/microsites\/capitulos\/caribe\/wp-content\/uploads\/2024\/09\/Javier-Montoya.png 1080w\" sizes=\"(max-width: 150px) 100vw, 150px\" \/>\t\t\t\t\t\t\t\t\t\t\t\t\t\t\t<\/div>\n\t\t\t\t<\/div>\n\t\t\t\t<\/div>\n\t\t<div class=\"elementor-element elementor-element-7ea708e6 e-con-full e-flex e-con e-child\" data-id=\"7ea708e6\" data-element_type=\"container\">\n\t\t\t\t<div class=\"elementor-element elementor-element-18ec470f elementor-widget elementor-widget-text-editor\" data-id=\"18ec470f\" data-element_type=\"widget\" data-widget_type=\"text-editor.default\">\n\t\t\t\t<div class=\"elementor-widget-container\">\n\t\t\t\t\t\t\t\t\t<p style=\"margin: 0in 0in 7.5pt; background-image: initial; background-position: initial; background-size: initial; background-repeat: initial; background-attachment: initial; background-origin: initial; background-clip: initial;\"><b><span lang=\"ES-CO\" style=\"font-size: 10.5pt; font-family: Roboto; color: #323030; mso-ansi-language: ES-CO;\">Javier Antonio Montoya<\/span><\/b><span lang=\"ES-CO\" style=\"font-size: 10.5pt; font-family: Roboto; color: #323030; mso-ansi-language: ES-CO;\"> <b>Mart\u00ednez<\/b> <span>\u00a0ha tenido una destacada trayectoria cient\u00edfica, siendo un investigador categorizado Senior por Minciencias (renovado en 2022) y miembro de la Academia Colombiana de Ciencias Exactas, F\u00edsicas y Naturales desde 2023. Obtuvo su t\u00edtulo de Doctor en F\u00edsica en la Scuola Internazionale Superiore di Studi Avanzati (SISSA) de Italia, especializ\u00e1ndose en simulaci\u00f3n y optimizaci\u00f3n computacional de sistemas cu\u00e1nticos de muchos cuerpos y estructura electr\u00f3nica. Su carrera posdoctoral lo llev\u00f3 al Instituto Carnegie de Washington y a la Universidad de Princeton, donde investig\u00f3 fases de la materia bajo condiciones extremas. Como docente en la Universidad de Cartagena desde 2010, lider\u00f3 por doce a\u00f1os el Instituto de Matem\u00e1ticas Aplicadas y coordin\u00f3 el Doctorado en Ciencias F\u00edsicas. Adem\u00e1s, ha formulado y ejecutado grandes proyectos de investigaci\u00f3n con financiaci\u00f3n tanto institucional como estatal por parte de\u00a0Minciencias y Regal\u00edas en f\u00edsica de materiales, inteligencia artificial y sistemas complejos, con desarrollos tecnol\u00f3gicos, publicaciones en revistas de alto impacto y una notable contribuci\u00f3n en la formaci\u00f3n de capital humano en investigaci\u00f3n.<\/span><\/span><\/p>\t\t\t\t\t\t\t\t<\/div>\n\t\t\t\t<\/div>\n\t\t\t\t<\/div>\n\t\t\t\t\t<\/div>\n\t\t\t\t<\/div>\n\t\t<div class=\"elementor-element elementor-element-1b31d6ba e-flex e-con-boxed e-con e-parent\" data-id=\"1b31d6ba\" data-element_type=\"container\">\n\t\t\t\t\t<div class=\"e-con-inner\">\n\t\t<div class=\"elementor-element elementor-element-3c340641 e-con-full e-flex e-con e-child\" data-id=\"3c340641\" data-element_type=\"container\">\n\t\t\t\t<div class=\"elementor-element elementor-element-77349a05 elementor-widget elementor-widget-image\" data-id=\"77349a05\" data-element_type=\"widget\" data-widget_type=\"image.default\">\n\t\t\t\t<div class=\"elementor-widget-container\">\n\t\t\t\t\t\t\t\t\t\t\t\t\t\t\t<img loading=\"lazy\" decoding=\"async\" width=\"150\" height=\"150\" src=\"https:\/\/accefyn.com\/microsites\/capitulos\/caribe\/wp-content\/uploads\/2023\/12\/Jesus-Olivero-150x150.png\" class=\"attachment-thumbnail size-thumbnail wp-image-122\" alt=\"\" srcset=\"https:\/\/accefyn.com\/microsites\/capitulos\/caribe\/wp-content\/uploads\/2023\/12\/Jesus-Olivero-150x150.png 150w, https:\/\/accefyn.com\/microsites\/capitulos\/caribe\/wp-content\/uploads\/2023\/12\/Jesus-Olivero.png 163w\" sizes=\"(max-width: 150px) 100vw, 150px\" \/>\t\t\t\t\t\t\t\t\t\t\t\t\t\t\t<\/div>\n\t\t\t\t<\/div>\n\t\t\t\t<\/div>\n\t\t<div class=\"elementor-element elementor-element-16a2613d e-con-full e-flex e-con e-child\" data-id=\"16a2613d\" data-element_type=\"container\">\n\t\t\t\t<div class=\"elementor-element elementor-element-29804716 elementor-widget__width-initial elementor-widget elementor-widget-text-editor\" data-id=\"29804716\" data-element_type=\"widget\" data-widget_type=\"text-editor.default\">\n\t\t\t\t<div class=\"elementor-widget-container\">\n\t\t\t\t\t\t\t\t\t<p style=\"margin: 0in 0in 7.5pt; background-image: initial; background-position: initial; background-size: initial; background-repeat: initial; background-attachment: initial; background-origin: initial; background-clip: initial;\"><strong><span lang=\"ES-CO\" style=\"font-size: 10.5pt; font-family: Roboto; color: #323030; mso-ansi-language: ES-CO;\">Jes\u00fas Olivero<\/span><\/strong><span lang=\"ES-CO\" style=\"color: black; mso-color-alt: windowtext; mso-ansi-language: ES-CO;\"> <\/span><strong><span lang=\"ES-CO\" style=\"font-size: 10.5pt; font-family: Roboto; color: #323030; mso-ansi-language: ES-CO;\">-Verbel<\/span><\/strong><span lang=\"ES-CO\" style=\"font-size: 10.5pt; font-family: Roboto; color: #323030; mso-ansi-language: ES-CO;\">\u00a0es qu\u00edmico farmac\u00e9utico, Ph. D. profesor titular de la Universidad de Cartagena. Ha hecho aportes a pol\u00edticas p\u00fablicas, como la Ley de Regulaci\u00f3n del Mercurio no. 1658 de julio de 2013 y la Ley del Plomo no. 2041 de julio de 2020, por medio de la cual se garantiza el derecho de las personas a desarrollarse f\u00edsica e intelectualmente en un ambiente libre de plomo. Tambi\u00e9n contribuyo en la promulgaci\u00f3n de la Sentencia T-622 de 2016 que reconoce al rio Atrato como sujeto de derechos. La Universidad de Cartagena acompa\u00f1o a la Corte en la realizaci\u00f3n de estudios toxicol\u00f3gicos y epidemiol\u00f3gicos del rio Atrato y a dise\u00f1ar y poner en marcha un plan para descontaminar la cuenca de dicho rio y sus afluentes. Por otro lado, a trav\u00e9s de la Sentencia T-080 de 2015 se realiz\u00f3 la valoraci\u00f3n ambiental de los da\u00f1os ocasionados por DOW-Chemical S. A. en la Bah\u00eda de Cartagena. El profesor Olivero dirige el Doctorado en Toxicolog\u00eda Ambiental de la Universidad de Cartagena, un escenario de generaci\u00f3n de conocimiento cuyas acciones tienen un marcado perfil social, como quiera que responden a un gran n\u00famero de necesidades que la regi\u00f3n y el pa\u00eds poseen en materia de impacto ambiental, en particular sobre la salud humana. Tambi\u00e9n se ocupa de Investigaciones en zonas de \u00e1reas protegidas como, por ejemplo: determinaci\u00f3n de la concentraci\u00f3n de mercurio en aves y mam\u00edferos del Parque Nacional Natural Las Orqu\u00eddeas; evaluaci\u00f3n de algunos aspectos de salud ambiental en el \u00e1rea de influencia de la actividad minera de carb\u00f3n en el sur de La Guajira colombiana (con el Instituto de Estudios para el Desarrollo y la Paz (INDEPAZ), y el estudio de metales pesados en diferentes matrices ambientales de la regi\u00f3n biogeogr\u00e1fica del Choco.<o:p><\/o:p><\/span><\/p>\t\t\t\t\t\t\t\t<\/div>\n\t\t\t\t<\/div>\n\t\t\t\t<\/div>\n\t\t\t\t\t<\/div>\n\t\t\t\t<\/div>\n\t\t<div class=\"elementor-element elementor-element-764aedef e-flex e-con-boxed e-con e-parent\" data-id=\"764aedef\" data-element_type=\"container\">\n\t\t\t\t\t<div class=\"e-con-inner\">\n\t\t<div class=\"elementor-element elementor-element-3962d7f9 e-con-full e-flex e-con e-child\" data-id=\"3962d7f9\" data-element_type=\"container\">\n\t\t\t\t<div class=\"elementor-element elementor-element-28f2bd0c elementor-widget__width-initial elementor-widget elementor-widget-image\" data-id=\"28f2bd0c\" data-element_type=\"widget\" data-widget_type=\"image.default\">\n\t\t\t\t<div class=\"elementor-widget-container\">\n\t\t\t\t\t\t\t\t\t\t\t\t\t\t\t<img decoding=\"async\" src=\"https:\/\/accefyn.com\/microsites\/capitulos\/caribe\/wp-content\/uploads\/2025\/10\/Foto-redonda.png\" title=\"Foto redonda\" alt=\"Foto redonda\" loading=\"lazy\" \/>\t\t\t\t\t\t\t\t\t\t\t\t\t\t\t<\/div>\n\t\t\t\t<\/div>\n\t\t\t\t<\/div>\n\t\t<div class=\"elementor-element elementor-element-60e83636 e-con-full e-flex e-con e-child\" data-id=\"60e83636\" data-element_type=\"container\">\n\t\t\t\t<div class=\"elementor-element elementor-element-45332345 elementor-widget__width-initial elementor-widget elementor-widget-text-editor\" data-id=\"45332345\" data-element_type=\"widget\" data-widget_type=\"text-editor.default\">\n\t\t\t\t<div class=\"elementor-widget-container\">\n\t\t\t\t\t\t\t\t\t<p style=\"margin: 0in 0in 7.5pt; background-image: initial; background-position: initial; background-size: initial; background-repeat: initial; background-attachment: initial; background-origin: initial; background-clip: initial;\"><strong><span lang=\"ES-CO\" style=\"font-size: 10.5pt; font-family: Roboto; color: #323030; mso-ansi-language: ES-CO;\">Sven Eloy Zea Sjoberg <\/span><\/strong><span lang=\"ES-CO\" style=\"font-size: 10.5pt; font-family: Roboto; color: #323030; mso-ansi-language: ES-CO;\">Sven Eloy Zea Sjoberg realiz\u00f3 estudios en Biolog\u00eda Marina, de pregrado, en la Universidad Jorge Tadeo Lozano, de Maestr\u00eda en la Universidad Nacional de Colombia y de doctorado en la Universidad de Texas en Austin (becario Fulbright). Profesor de la Universidad Nacional desde 1988, adscrito al Instituto de Estudios en Ciencias del Mar &#8211; CECIMAR de la Sede Caribe. Coordinador acad\u00e9mico del programa de posgrado en Ciencias-Biolog\u00eda, L\u00ednea Biolog\u00eda Marina, que la Universidad desarrolla desde 1979 entre Santa Marta y San Andr\u00e9s en convenio con el Invemar (adscrito al Ministerio de Ambiente y Desarrollo Sostenible). Desarrolla investigaci\u00f3n en ecolog\u00eda marina, taxonom\u00eda, ecolog\u00eda y biotecnolog\u00eda de esponjas y en ecolog\u00eda de arrecifes de coral y estuarios. Ha dirigido o codirigido 36 tesis de maestr\u00eda, 8 de doctorado y 38 trabajos de grado de pregrado. Es autor o coautor de 120 art\u00edculos cient\u00edficos, 12 cap\u00edtulos y seis libros. Su primer libro (1987), \u201cEsponjas del Caribe colombiano\u201d, signific\u00f3 una importante contribuci\u00f3n al conocimiento de este grupo de organismos. Es el autor responsable del trabajo taxon\u00f3mico en la gu\u00eda en l\u00ednea para identificar esponjas del Caribe, en el momento en su cuarta edici\u00f3n. Actualmente lidera el programa de investigaci\u00f3n y extensi\u00f3n \u201cArrecifes coralinos del Parque Nacional Natural Tayrona \u2013 PNNT, Santa Marta, Caribe colombiano: Configuraci\u00f3n, interacciones bi\u00f3ticas y relaciones con la sociedad\u00bb, y el proyecto interinstitucional \u00abDise\u00f1o e implementaci\u00f3n de un piloto IoT de monitoreo inteligente para ambientes marinos y costeros de Colombia\u201d.<o:p><\/o:p><\/span><\/p><p style=\"margin: 0in 0in 7.5pt; background-image: initial; background-position: initial; background-size: initial; background-repeat: initial; background-attachment: initial; background-origin: initial; background-clip: initial;\"><span lang=\"ES-CO\" style=\"font-size: 10.5pt; font-family: Roboto; color: #323030; mso-ansi-language: ES-CO;\"><span style=\"font-weight: bold;\">ORCID: <a href=\"https:\/\/orcid.org\/0000-0002-5657-4877\"><span style=\"color: #008000;\">https:\/\/orcid.org\/0000-0002-5657-4877<\/span><\/a><br \/><span>Hermes Universidad Nacional: <a href=\"http:\/\/www.hermes.unal.edu.co\/pages\/Docentes\/Docente.jsf?u=sezeas\"><span style=\"color: #008000;\">http:\/\/www.hermes.unal.edu.co\/pages\/Docentes\/Docente.jsf?u=sezeas<\/span><\/a><br \/>Researchgate: <a href=\"https:\/\/www.researchgate.net\/profile\/Sven_Zea\/?ev=hdr_xprf\"><span style=\"color: #008000;\">https:\/\/www.researchgate.net\/profile\/Sven_Zea\/?ev=hdr_xprf<\/span><\/a><br \/>CvLac: <a href=\"https:\/\/scienti.minciencias.gov.co\/cvlac\/visualizador\/generarCurriculoCv.do?cod_rh=0000057223\"><span style=\"color: #008000;\">https:\/\/scienti.minciencias.gov.co\/cvlac\/visualizador\/generarCurriculoCv.do?cod_rh=0000057223<\/span><\/a><br \/>Cat\u00e1logo fotogr\u00e1fico esponjas del Caribe: <a href=\"https:\/\/spongeguide.org\/\"><span style=\"color: #008000;\">https:\/\/spongeguide.org\/<\/span><\/a><br \/><\/span><\/span><br \/><\/span><\/p>\t\t\t\t\t\t\t\t<\/div>\n\t\t\t\t<\/div>\n\t\t\t\t<\/div>\n\t\t\t\t\t<\/div>\n\t\t\t\t<\/div>\n\t\t<div class=\"elementor-element elementor-element-a254094 e-flex e-con-boxed e-con e-parent\" data-id=\"a254094\" data-element_type=\"container\">\n\t\t\t\t\t<div class=\"e-con-inner\">\n\t\t<div class=\"elementor-element elementor-element-6ccdd9b e-con-full e-flex e-con e-child\" data-id=\"6ccdd9b\" data-element_type=\"container\">\n\t\t\t\t<div class=\"elementor-element elementor-element-6a04f34 elementor-widget__width-initial elementor-widget elementor-widget-image\" data-id=\"6a04f34\" data-element_type=\"widget\" data-widget_type=\"image.default\">\n\t\t\t\t<div class=\"elementor-widget-container\">\n\t\t\t\t\t\t\t\t\t\t\t\t\t\t\t<img decoding=\"async\" src=\"https:\/\/accefyn.com\/microsites\/capitulos\/caribe\/wp-content\/uploads\/2024\/07\/Andres-Franco.png\" title=\"Andr\u00e9s Franco\" alt=\"Andr\u00e9s Franco\" loading=\"lazy\" \/>\t\t\t\t\t\t\t\t\t\t\t\t\t\t\t<\/div>\n\t\t\t\t<\/div>\n\t\t\t\t<\/div>\n\t\t<div class=\"elementor-element elementor-element-cd42df9 e-con-full e-flex e-con e-child\" data-id=\"cd42df9\" data-element_type=\"container\">\n\t\t\t\t<div class=\"elementor-element elementor-element-498bc5d elementor-widget__width-initial elementor-widget elementor-widget-text-editor\" data-id=\"498bc5d\" data-element_type=\"widget\" data-widget_type=\"text-editor.default\">\n\t\t\t\t<div class=\"elementor-widget-container\">\n\t\t\t\t\t\t\t\t\t<p style=\"margin: 0in 0in 7.5pt; background-image: initial; background-position: initial; background-size: initial; background-repeat: initial; background-attachment: initial; background-origin: initial; background-clip: initial;\"><strong><span lang=\"ES-CO\" style=\"font-size: 10.5pt; font-family: Roboto; color: #323030; mso-ansi-language: ES-CO;\">Andr\u00e9s Franco Herrera<\/span><\/strong><span lang=\"ES-CO\" style=\"font-size: 10.5pt; font-family: Roboto; color: #323030; mso-ansi-language: ES-CO;\">\u00a0es Bi\u00f3logo Marino de la Universidad de Bogot\u00e1 Jorge Tadeo Lozano (UTADEO), Colombia, con Doctorado en Oceanograf\u00eda de la Universidad de Concepci\u00f3n, Chile. Cuenta con experiencia de 30 a\u00f1os en el \u00e1rea de la ense\u00f1anza en pregrado y posgrado y en el campo investigativo. Ha participado en cerca de 45 proyectos y\/o macroproyectos de investigaci\u00f3n relacionados con temas de ecolog\u00eda marina, oceanograf\u00eda, calidad de aguas, din\u00e1mica oc\u00e9ano-meteorol\u00f3gica, acidificaci\u00f3n oce\u00e1nica, contaminaci\u00f3n marina, cambio clim\u00e1tico, biodiversidad de comunidades planct\u00f3nicas y bent\u00f3nicas, tanto en sistemas tropicales como templados y polares.<br \/>Esta actividad investigativa le ha permitido la generaci\u00f3n de m\u00e1s de 50 publicaciones cient\u00edficas en revistas indexadas nacionales e internacionales, adem\u00e1s de 5 libros y 3 cap\u00edtulos enfocados al tema ambiental marino. As\u00ed mismo ha dirigido 56 tesis de pregrado y proyectos de iniciaci\u00f3n cient\u00edfica en el campo de las ciencias marinas y cerca de 10 tesis de maestr\u00eda y doctorado en temas asociados con la oceanograf\u00eda biol\u00f3gica y la contaminaci\u00f3n marina. Es Profesor Titular, y se ha desempe\u00f1ado como Decano encargado de la Facultad de Ciencias Naturales e Ingenier\u00eda, Director de la Sede Santa Marta, Director del \u00c1rea Acad\u00e9mica de Ciencias Biol\u00f3gicas y Ambientales, Vicerrector Acad\u00e9mico y Vicerrector de Investigaci\u00f3n, Creaci\u00f3n e Innovaci\u00f3n de la UTADEO. As\u00ed mismo, es Expedicionario Ant\u00e1rtico colombiano. Desde el 2016 es columnista invitado del diario El Tiempo en el \u00e1rea de Ciencia, par evaluador de revistas nacionales e internacionales asociadas a las ciencias marinas, as\u00ed como del Ministerio de Ciencia, Tecnolog\u00eda e Innovaci\u00f3n y del Ministerio de Educaci\u00f3n Nacional-CONACES. Hizo parte de la Misi\u00f3n Internacional de Sabios 2019, como coordinador el foco tem\u00e1tico en Oc\u00e9anos y Recursos Hidrobiol\u00f3gicos.<\/span><\/p><p style=\"margin: 0in 0in 7.5pt; background-image: initial; background-position: initial; background-size: initial; background-repeat: initial; background-attachment: initial; background-origin: initial; background-clip: initial;\"><strong><span lang=\"ES-CO\" style=\"font-size: 10.5pt; font-family: Roboto; color: #323030; mso-ansi-language: ES-CO;\">ORCID: <\/span><a href=\"https:\/\/orcid.org\/0000-0002-9809-8151\"><span lang=\"ES-CO\" style=\"font-size: 10.5pt; font-family: Roboto; color: #008000;\">0000-0002-9809-8151<\/span><\/a><span lang=\"ES-CO\" style=\"font-size: 10.5pt; font-family: Roboto; color: #323030; mso-ansi-language: ES-CO;\"><br \/>LinkedIn: <a href=\"https:\/\/www.linkedin.com\/in\/andres-franco-herrera\/\"><span style=\"color: #008000;\">www.linkedin.com\/in\/andres-franco-herrera<\/span><\/a><br \/>Facebook: <\/span><span lang=\"ES-CO\" style=\"font-size: 10.5pt; font-family: Roboto;\"><a href=\"https:\/\/www.facebook.com\/andres.francoherrera\">www.facebook.com\/andres.francoherrera<\/a><\/span><span lang=\"ES-CO\" style=\"font-size: 10.5pt; font-family: Roboto; color: #323030; mso-ansi-language: ES-CO;\"><span style=\"color: #008000;\"><br \/><\/span><\/span><\/strong><strong><span lang=\"ES-CO\" style=\"font-size: 10.5pt; font-family: Roboto; color: #323030; mso-ansi-language: ES-CO;\">X: <a href=\"https:\/\/x.com\/AfrancohH\"><span style=\"color: #008000;\">@AfrancohH<\/span><\/a><br \/>Google Scholar: <a href=\"https:\/\/scholar.google.com\/citations?hl=es&amp;user=X6RLS70AAAAJ\"><span style=\"color: #008000;\">https:\/\/scholar.google.com\/citations?hl=es&amp;user=X6RLS70AAAAJ<\/span><\/a><br \/><span style=\"color: #008000;\"><span style=\"color: #000000;\">Instagram:<\/span> <a href=\"https:\/\/www.instagram.com\/seafranco1971\/?hl=es\">seafranco1971<\/a><\/span><\/span><\/strong><\/p>\t\t\t\t\t\t\t\t<\/div>\n\t\t\t\t<\/div>\n\t\t\t\t<\/div>\n\t\t\t\t\t<\/div>\n\t\t\t\t<\/div>\n\t\t<div class=\"elementor-element elementor-element-8715e4f e-flex e-con-boxed e-con e-parent\" data-id=\"8715e4f\" data-element_type=\"container\">\n\t\t\t\t\t<div class=\"e-con-inner\">\n\t\t<div class=\"elementor-element elementor-element-c5f00bf e-con-full e-flex e-con e-child\" data-id=\"c5f00bf\" data-element_type=\"container\">\n\t\t\t\t<div class=\"elementor-element elementor-element-dfa7d73 elementor-widget__width-initial elementor-widget elementor-widget-image\" data-id=\"dfa7d73\" data-element_type=\"widget\" data-widget_type=\"image.default\">\n\t\t\t\t<div class=\"elementor-widget-container\">\n\t\t\t\t\t\t\t\t\t\t\t\t\t\t\t<img decoding=\"async\" src=\"https:\/\/accefyn.com\/microsites\/capitulos\/caribe\/wp-content\/uploads\/2025\/06\/Foto-redonda.png\" title=\"Foto redonda\" alt=\"Foto redonda\" loading=\"lazy\" \/>\t\t\t\t\t\t\t\t\t\t\t\t\t\t\t<\/div>\n\t\t\t\t<\/div>\n\t\t\t\t<\/div>\n\t\t<div class=\"elementor-element elementor-element-631d98f e-con-full e-flex e-con e-child\" data-id=\"631d98f\" data-element_type=\"container\">\n\t\t\t\t<div class=\"elementor-element elementor-element-66f851b elementor-widget__width-initial elementor-widget elementor-widget-text-editor\" data-id=\"66f851b\" data-element_type=\"widget\" data-widget_type=\"text-editor.default\">\n\t\t\t\t<div class=\"elementor-widget-container\">\n\t\t\t\t\t\t\t\t\t<p style=\"margin: 0in 0in 7.5pt; background-image: initial; background-position: initial; background-size: initial; background-repeat: initial; background-attachment: initial; background-origin: initial; background-clip: initial;\"><strong><span lang=\"ES-CO\" style=\"font-size: 10.5pt; font-family: Roboto; color: #323030; mso-ansi-language: ES-CO;\">Jaime<\/span><span lang=\"ES-CO\" style=\"font-size: 10.5pt; font-family: Roboto; color: #323030; mso-ansi-language: ES-CO;\"> Humberto Escobar Jaramillo <\/span><\/strong><span style=\"color: #000000;\">es ingeniero ambiental con doctorado en Ecolog\u00eda Interdisciplinaria, el profesor Jaime Escobar ha dedicado su carrera al estudio de la historia clim\u00e1tica y ambiental de Am\u00e9rica Latina. Desde 2012 es docente e investigador del Departamento de Ingenier\u00eda Civil y Ambiental de la Universidad del Norte, donde lidera proyectos centrados en la paleoclimatolog\u00eda, la paleoecolog\u00eda y la interacci\u00f3n entre el clima, los ecosistemas y las sociedades humanas del pasado.<\/span><\/p><p data-start=\"763\" data-end=\"1304\"><span style=\"color: #000000;\">Sus investigaciones han arrojado importantes hallazgos sobre el cambio clim\u00e1tico en los Andes, la evoluci\u00f3n del nivel del mar en el Caribe y el impacto de las actividades humanas en ecosistemas de regiones como Colombia, M\u00e9xico y Panam\u00e1. A trav\u00e9s del an\u00e1lisis de sedimentos lacustres y costeros, y el uso de herramientas como la micropaleontolog\u00eda y la biogeoqu\u00edmica, Escobar ha contribuido a reconstruir escenarios clim\u00e1ticos del Holoceno y el Pleistoceno y a comprender c\u00f3mo las culturas precolombinas interactuaron con su entorno natural.<\/span><\/p><p data-start=\"1306\" data-end=\"1722\"><span style=\"color: #000000;\">Con m\u00e1s de 80 publicaciones cient\u00edficas y una amplia red de colaboraci\u00f3n internacional, su trabajo ha sido clave para entender los efectos del cambio clim\u00e1tico a largo plazo, especialmente en ecosistemas de alta monta\u00f1a y zonas costeras. Adem\u00e1s, ha formado a decenas de estudiantes en investigaci\u00f3n, con el objetivo de inspirar una nueva generaci\u00f3n de cient\u00edficos comprometidos con los desaf\u00edos ambientales del pa\u00eds.<\/span><\/p><p data-start=\"1724\" data-end=\"2080\"><span style=\"color: #000000;\">Convencido de que el pensamiento cr\u00edtico, la educaci\u00f3n cient\u00edfica y la divulgaci\u00f3n del conocimiento son pilares fundamentales para el desarrollo sostenible, Escobar promueve una visi\u00f3n de la ciencia como herramienta para transformar la sociedad, especialmente en regiones como el Caribe colombiano, donde urge fortalecer las ciencias b\u00e1sicas y ambientales.<\/span><\/p><p data-start=\"1724\" data-end=\"2080\"><strong><span style=\"color: #000000;\">P\u00e1gina web:\u00a0<\/span><a href=\"http:\/\/www.jaimeescobar.co\/\" target=\"_blank\" data-saferedirecturl=\"https:\/\/www.google.com\/url?q=http:\/\/www.jaimeescobar.co&amp;source=gmail&amp;ust=1749247683336000&amp;usg=AOvVaw2pbvQ5YWzcRL5PEA-odxjI\" rel=\"noopener\" style=\"background-color: #fffefe; outline: 0px; opacity: 0.75;\">www.jaimeescobar.co<\/a><\/strong><br \/><strong><span style=\"color: #000000;\">Scopus:\u00a0<\/span><a href=\"https:\/\/www.scopus.com\/authid\/detail.uri?authorId=23479209200\" target=\"_blank\" data-saferedirecturl=\"https:\/\/www.google.com\/url?q=https:\/\/www.scopus.com\/authid\/detail.uri?authorId%3D23479209200&amp;source=gmail&amp;ust=1749247683336000&amp;usg=AOvVaw1b0qZgbwAb0EDPhgqnZAV4\" rel=\"noopener\" style=\"font-size: inherit; background-color: #fffefe;\">https:\/\/www.scopus.com\/authid\/<wbr \/>detail.uri?authorId=<wbr \/>23479209200<\/a><\/strong><\/p>\t\t\t\t\t\t\t\t<\/div>\n\t\t\t\t<\/div>\n\t\t\t\t<\/div>\n\t\t\t\t\t<\/div>\n\t\t\t\t<\/div>\n\t\t<div class=\"elementor-element elementor-element-4444f88 e-flex e-con-boxed e-con e-parent\" data-id=\"4444f88\" data-element_type=\"container\">\n\t\t\t\t\t<div class=\"e-con-inner\">\n\t\t\t\t<div class=\"elementor-element elementor-element-a1fe01f elementor-widget elementor-widget-heading\" data-id=\"a1fe01f\" data-element_type=\"widget\" data-widget_type=\"heading.default\">\n\t\t\t\t<div class=\"elementor-widget-container\">\n\t\t\t\t\t<h4 class=\"elementor-heading-title elementor-size-default\">Miembros institucionales de la Academia en el Caribe<\/h4>\t\t\t\t<\/div>\n\t\t\t\t<\/div>\n\t\t\t\t\t<\/div>\n\t\t\t\t<\/div>\n\t\t<div class=\"elementor-element elementor-element-6b9e8fa e-flex e-con-boxed e-con e-parent\" data-id=\"6b9e8fa\" data-element_type=\"container\">\n\t\t\t\t\t<div class=\"e-con-inner\">\n\t\t<div class=\"elementor-element elementor-element-c6dee21 e-con-full e-flex e-con e-child\" data-id=\"c6dee21\" data-element_type=\"container\">\n\t\t\t\t<div class=\"elementor-element elementor-element-f7b3042 elementor-widget elementor-widget-image\" data-id=\"f7b3042\" data-element_type=\"widget\" data-widget_type=\"image.default\">\n\t\t\t\t<div class=\"elementor-widget-container\">\n\t\t\t\t\t\t\t\t\t\t\t\t\t\t\t<img loading=\"lazy\" decoding=\"async\" width=\"300\" height=\"300\" src=\"https:\/\/accefyn.com\/microsites\/capitulos\/caribe\/wp-content\/uploads\/2024\/03\/NUEVO-ESCUDO-UNIMAGDALENA-JULIO-14-2021-01-web-300x300.jpg\" class=\"attachment-medium size-medium wp-image-292\" alt=\"\" srcset=\"https:\/\/accefyn.com\/microsites\/capitulos\/caribe\/wp-content\/uploads\/2024\/03\/NUEVO-ESCUDO-UNIMAGDALENA-JULIO-14-2021-01-web-300x300.jpg 300w, https:\/\/accefyn.com\/microsites\/capitulos\/caribe\/wp-content\/uploads\/2024\/03\/NUEVO-ESCUDO-UNIMAGDALENA-JULIO-14-2021-01-web-150x150.jpg 150w, https:\/\/accefyn.com\/microsites\/capitulos\/caribe\/wp-content\/uploads\/2024\/03\/NUEVO-ESCUDO-UNIMAGDALENA-JULIO-14-2021-01-web.jpg 600w\" sizes=\"(max-width: 300px) 100vw, 300px\" \/>\t\t\t\t\t\t\t\t\t\t\t\t\t\t\t<\/div>\n\t\t\t\t<\/div>\n\t\t\t\t<\/div>\n\t\t<div class=\"elementor-element elementor-element-b652f03 e-con-full e-flex e-con e-child\" data-id=\"b652f03\" data-element_type=\"container\">\n\t\t\t\t<div class=\"elementor-element elementor-element-eec21f3 elementor-widget elementor-widget-image\" data-id=\"eec21f3\" data-element_type=\"widget\" data-widget_type=\"image.default\">\n\t\t\t\t<div class=\"elementor-widget-container\">\n\t\t\t\t\t\t\t\t\t\t\t\t\t\t\t<img loading=\"lazy\" decoding=\"async\" width=\"300\" height=\"175\" src=\"https:\/\/accefyn.com\/microsites\/capitulos\/caribe\/wp-content\/uploads\/2023\/12\/Logo_de_la_Universidad_Simon_Bolivar.svg-300x175.png\" class=\"attachment-medium size-medium wp-image-281\" alt=\"\" srcset=\"https:\/\/accefyn.com\/microsites\/capitulos\/caribe\/wp-content\/uploads\/2023\/12\/Logo_de_la_Universidad_Simon_Bolivar.svg-300x175.png 300w, https:\/\/accefyn.com\/microsites\/capitulos\/caribe\/wp-content\/uploads\/2023\/12\/Logo_de_la_Universidad_Simon_Bolivar.svg-1024x598.png 1024w, https:\/\/accefyn.com\/microsites\/capitulos\/caribe\/wp-content\/uploads\/2023\/12\/Logo_de_la_Universidad_Simon_Bolivar.svg-768x448.png 768w, https:\/\/accefyn.com\/microsites\/capitulos\/caribe\/wp-content\/uploads\/2023\/12\/Logo_de_la_Universidad_Simon_Bolivar.svg-1536x896.png 1536w, https:\/\/accefyn.com\/microsites\/capitulos\/caribe\/wp-content\/uploads\/2023\/12\/Logo_de_la_Universidad_Simon_Bolivar.svg-2048x1195.png 2048w\" sizes=\"(max-width: 300px) 100vw, 300px\" \/>\t\t\t\t\t\t\t\t\t\t\t\t\t\t\t<\/div>\n\t\t\t\t<\/div>\n\t\t\t\t<\/div>\n\t\t\t\t\t<\/div>\n\t\t\t\t<\/div>\n\t\t\t\t<\/div>\n\t\t","protected":false},"excerpt":{"rendered":"<p>Miembros del Cap\u00edtulo El Cap\u00edtulo cuenta actualmente con 4 miembros de\u00a0n\u00famero y 11 miembros correspondientes que trabajan activamente en diferentes campos de la investigaci\u00f3n cient\u00edfica como la toxicolog\u00eda, la biomedicina, la Oceanograf\u00eda, la ecolog\u00eda, las matem\u00e1ticas, la biolog\u00eda marina, la f\u00edsica, la \u00f3ptica y la qu\u00edmica. Tambi\u00e9n cuenta con dos [&hellip;]<\/p>\n","protected":false},"author":7,"featured_media":0,"parent":0,"menu_order":0,"comment_status":"closed","ping_status":"closed","template":"elementor_canvas","meta":{"footnotes":""},"class_list":["post-131","page","type-page","status-publish","hentry"],"_links":{"self":[{"href":"https:\/\/accefyn.com\/microsites\/capitulos\/caribe\/wp-json\/wp\/v2\/pages\/131","targetHints":{"allow":["GET"]}}],"collection":[{"href":"https:\/\/accefyn.com\/microsites\/capitulos\/caribe\/wp-json\/wp\/v2\/pages"}],"about":[{"href":"https:\/\/accefyn.com\/microsites\/capitulos\/caribe\/wp-json\/wp\/v2\/types\/page"}],"author":[{"embeddable":true,"href":"https:\/\/accefyn.com\/microsites\/capitulos\/caribe\/wp-json\/wp\/v2\/users\/7"}],"replies":[{"embeddable":true,"href":"https:\/\/accefyn.com\/microsites\/capitulos\/caribe\/wp-json\/wp\/v2\/comments?post=131"}],"version-history":[{"count":100,"href":"https:\/\/accefyn.com\/microsites\/capitulos\/caribe\/wp-json\/wp\/v2\/pages\/131\/revisions"}],"predecessor-version":[{"id":1313,"href":"https:\/\/accefyn.com\/microsites\/capitulos\/caribe\/wp-json\/wp\/v2\/pages\/131\/revisions\/1313"}],"wp:attachment":[{"href":"https:\/\/accefyn.com\/microsites\/capitulos\/caribe\/wp-json\/wp\/v2\/media?parent=131"}],"curies":[{"name":"wp","href":"https:\/\/api.w.org\/{rel}","templated":true}]}}